{"id":235,"date":"2018-05-21T18:27:36","date_gmt":"2018-05-21T18:27:36","guid":{"rendered":"https:\/\/zug-bilder.de\/?page_id=235"},"modified":"2026-01-05T13:43:10","modified_gmt":"2026-01-05T13:43:10","slug":"91-81-1116","status":"publish","type":"page","link":"https:\/\/zug-bilder.de\/?page_id=235","title":{"rendered":"91 81 1116"},"content":{"rendered":"\n<div class=\"wp-block-columns is-layout-flex wp-container-core-columns-is-layout-9d6595d7 wp-block-columns-is-layout-flex\">\n<div class=\"wp-block-column is-layout-flow wp-block-column-is-layout-flow\">\n<figure class=\"wp-block-image size-full\"><a href=\"https:\/\/zug-bilder.de\/wp-content\/uploads\/2021\/12\/1000-A-OeBB-91-81-1116-031-6_140121_SalzburgHbf_IC691.jpg\"><img loading=\"lazy\" decoding=\"async\" width=\"1000\" height=\"682\" src=\"https:\/\/zug-bilder.de\/wp-content\/uploads\/2021\/12\/1000-A-OeBB-91-81-1116-031-6_140121_SalzburgHbf_IC691.jpg\" alt=\"\" class=\"wp-image-5073\" srcset=\"https:\/\/zug-bilder.de\/wp-content\/uploads\/2021\/12\/1000-A-OeBB-91-81-1116-031-6_140121_SalzburgHbf_IC691.jpg 1000w, https:\/\/zug-bilder.de\/wp-content\/uploads\/2021\/12\/1000-A-OeBB-91-81-1116-031-6_140121_SalzburgHbf_IC691-300x205.jpg 300w, https:\/\/zug-bilder.de\/wp-content\/uploads\/2021\/12\/1000-A-OeBB-91-81-1116-031-6_140121_SalzburgHbf_IC691-768x524.jpg 768w\" sizes=\"auto, (max-width: 1000px) 100vw, 1000px\" \/><\/a><\/figure>\n<\/div>\n\n\n\n<div class=\"wp-block-column is-layout-flow wp-block-column-is-layout-flow\">\n<p class=\"has-light-gray-background-color has-background\"><span style=\"color: #333333;\"><strong>A-\u00d6BB 91 81 1116 031-6<br><\/strong>21.01.2014<br><\/span><img loading=\"lazy\" decoding=\"async\" width=\"30\" height=\"20\" class=\"wp-image-5711\" style=\"width: 30px;\" src=\"https:\/\/zug-bilder.de\/wp-content\/uploads\/2023\/04\/Flagge_Oesterreich.jpg\" alt=\"\"> <span style=\"color: #333333;\">Salzburg Hbf<br><\/span><img loading=\"lazy\" decoding=\"async\" width=\"35\" height=\"15\" class=\"wp-image-6623\" style=\"width: 35px;\" src=\"https:\/\/zug-bilder.de\/wp-content\/uploads\/2024\/06\/Logo_IC_Oesterreich.png\" alt=\"\"> <span style=\"color: #333333;\"><em>691<\/em><br><em>Klagenfurt Hbf &#8211;<\/em> <em>Wien Westbahnhof<\/em><\/span><\/p>\n<\/div>\n<\/div>\n\n\n\n<div class=\"wp-block-columns is-layout-flex wp-container-core-columns-is-layout-9d6595d7 wp-block-columns-is-layout-flex\">\n<div class=\"wp-block-column is-layout-flow wp-block-column-is-layout-flow\">\n<figure class=\"wp-block-image size-full\"><a href=\"https:\/\/zug-bilder.de\/wp-content\/uploads\/2018\/05\/1000-A-\u00d6BB-91-81-1116-050-4_160902_M\u00fcnchenHeimeranplatz.jpg\"><img loading=\"lazy\" decoding=\"async\" width=\"1000\" height=\"682\" src=\"https:\/\/zug-bilder.de\/wp-content\/uploads\/2018\/05\/1000-A-\u00d6BB-91-81-1116-050-4_160902_M\u00fcnchenHeimeranplatz.jpg\" alt=\"\" class=\"wp-image-240\" srcset=\"https:\/\/zug-bilder.de\/wp-content\/uploads\/2018\/05\/1000-A-\u00d6BB-91-81-1116-050-4_160902_M\u00fcnchenHeimeranplatz.jpg 1000w, https:\/\/zug-bilder.de\/wp-content\/uploads\/2018\/05\/1000-A-\u00d6BB-91-81-1116-050-4_160902_M\u00fcnchenHeimeranplatz-300x205.jpg 300w, https:\/\/zug-bilder.de\/wp-content\/uploads\/2018\/05\/1000-A-\u00d6BB-91-81-1116-050-4_160902_M\u00fcnchenHeimeranplatz-768x524.jpg 768w\" sizes=\"auto, (max-width: 1000px) 100vw, 1000px\" \/><\/a><\/figure>\n<\/div>\n\n\n\n<div class=\"wp-block-column is-layout-flow wp-block-column-is-layout-flow\">\n<p class=\"has-light-gray-background-color has-background\"><span style=\"color: #333333;\"><strong>A-\u00d6BB 91 81 1116 050-4<br><\/strong>02.09.2016<\/span><br><img loading=\"lazy\" decoding=\"async\" width=\"33\" height=\"20\" class=\"wp-image-5706\" style=\"width: 33px;\" src=\"https:\/\/zug-bilder.de\/wp-content\/uploads\/2023\/04\/Flagge_Deutschland.jpg\" alt=\"\"> <span style=\"color: #333333;\">M\u00fcnchen Heimeranplatz<\/span><\/p>\n<\/div>\n<\/div>\n\n\n\n<div class=\"wp-block-columns is-layout-flex wp-container-core-columns-is-layout-9d6595d7 wp-block-columns-is-layout-flex\">\n<div class=\"wp-block-column is-layout-flow wp-block-column-is-layout-flow\">\n<figure class=\"wp-block-image size-full\"><a href=\"https:\/\/zug-bilder.de\/wp-content\/uploads\/2021\/12\/1000-A-OeBB-91-81-1116-056-3_210529_WienHbf_EC158.jpg\"><img loading=\"lazy\" decoding=\"async\" width=\"1000\" height=\"682\" src=\"https:\/\/zug-bilder.de\/wp-content\/uploads\/2021\/12\/1000-A-OeBB-91-81-1116-056-3_210529_WienHbf_EC158.jpg\" alt=\"\" class=\"wp-image-5004\" srcset=\"https:\/\/zug-bilder.de\/wp-content\/uploads\/2021\/12\/1000-A-OeBB-91-81-1116-056-3_210529_WienHbf_EC158.jpg 1000w, https:\/\/zug-bilder.de\/wp-content\/uploads\/2021\/12\/1000-A-OeBB-91-81-1116-056-3_210529_WienHbf_EC158-300x205.jpg 300w, https:\/\/zug-bilder.de\/wp-content\/uploads\/2021\/12\/1000-A-OeBB-91-81-1116-056-3_210529_WienHbf_EC158-768x524.jpg 768w\" sizes=\"auto, (max-width: 1000px) 100vw, 1000px\" \/><\/a><\/figure>\n<\/div>\n\n\n\n<div class=\"wp-block-column is-layout-flow wp-block-column-is-layout-flow\">\n<p class=\"has-light-gray-background-color has-background\"><span style=\"color: #333333;\"><strong>A-\u00d6BB 91 81 1116 056-3<br><\/strong>29.05.2021<br><\/span><img loading=\"lazy\" decoding=\"async\" width=\"30\" height=\"20\" class=\"wp-image-5711\" style=\"width: 30px;\" src=\"https:\/\/zug-bilder.de\/wp-content\/uploads\/2023\/04\/Flagge_Oesterreich.jpg\" alt=\"\"> <span style=\"color: #333333;\">Wien Hbf<br><\/span><img loading=\"lazy\" decoding=\"async\" width=\"70\" height=\"18\" class=\"wp-image-6626\" style=\"width: 70px;\" src=\"https:\/\/zug-bilder.de\/wp-content\/uploads\/2024\/06\/Logo_EC.png\" alt=\"\"> <span style=\"color: #333333;\"><em>158 &#8222;Croatia&#8220;<\/em><br><em>Zagreb Glavni kolodvor &#8211;<\/em> <em>Wien Hbf<\/em><\/span><\/p>\n<\/div>\n<\/div>\n\n\n\n<div class=\"wp-block-columns is-layout-flex wp-container-core-columns-is-layout-9d6595d7 wp-block-columns-is-layout-flex\">\n<div class=\"wp-block-column is-layout-flow wp-block-column-is-layout-flow\">\n<figure class=\"wp-block-image size-full\"><a href=\"https:\/\/zug-bilder.de\/wp-content\/uploads\/2019\/11\/1000-91-81-1116-057-1-A-\u00d6BB_190306_Vogl.jpg\"><img loading=\"lazy\" decoding=\"async\" width=\"1000\" height=\"682\" src=\"https:\/\/zug-bilder.de\/wp-content\/uploads\/2019\/11\/1000-91-81-1116-057-1-A-\u00d6BB_190306_Vogl.jpg\" alt=\"\" class=\"wp-image-2606\" srcset=\"https:\/\/zug-bilder.de\/wp-content\/uploads\/2019\/11\/1000-91-81-1116-057-1-A-\u00d6BB_190306_Vogl.jpg 1000w, https:\/\/zug-bilder.de\/wp-content\/uploads\/2019\/11\/1000-91-81-1116-057-1-A-\u00d6BB_190306_Vogl-300x205.jpg 300w, https:\/\/zug-bilder.de\/wp-content\/uploads\/2019\/11\/1000-91-81-1116-057-1-A-\u00d6BB_190306_Vogl-768x524.jpg 768w\" sizes=\"auto, (max-width: 1000px) 100vw, 1000px\" \/><\/a><\/figure>\n<\/div>\n\n\n\n<div class=\"wp-block-column is-layout-flow wp-block-column-is-layout-flow\">\n<p class=\"has-light-gray-background-color has-background\"><span style=\"color: #333333;\"><strong>A-\u00d6BB 91 81 1116 057-1<br><\/strong>06.03.2019<br><\/span><img loading=\"lazy\" decoding=\"async\" width=\"33\" height=\"20\" class=\"wp-image-5706\" style=\"width: 33px;\" src=\"https:\/\/zug-bilder.de\/wp-content\/uploads\/2023\/04\/Flagge_Deutschland.jpg\" alt=\"\"> <span style=\"color: #333333;\">Vogl (Gro\u00dfkarolinenfeld)<\/span><\/p>\n<\/div>\n<\/div>\n\n\n\n<div class=\"wp-block-columns is-layout-flex wp-container-core-columns-is-layout-9d6595d7 wp-block-columns-is-layout-flex\">\n<div class=\"wp-block-column is-layout-flow wp-block-column-is-layout-flow\">\n<figure class=\"wp-block-image size-full\"><a href=\"https:\/\/zug-bilder.de\/wp-content\/uploads\/2018\/05\/1000-A-\u00d6BB-91-81-1116-084-5_160902_M\u00fcnchenHeimeranplatz_EC113.jpg\"><img loading=\"lazy\" decoding=\"async\" width=\"1000\" height=\"682\" src=\"https:\/\/zug-bilder.de\/wp-content\/uploads\/2018\/05\/1000-A-\u00d6BB-91-81-1116-084-5_160902_M\u00fcnchenHeimeranplatz_EC113.jpg\" alt=\"\" class=\"wp-image-242\" srcset=\"https:\/\/zug-bilder.de\/wp-content\/uploads\/2018\/05\/1000-A-\u00d6BB-91-81-1116-084-5_160902_M\u00fcnchenHeimeranplatz_EC113.jpg 1000w, https:\/\/zug-bilder.de\/wp-content\/uploads\/2018\/05\/1000-A-\u00d6BB-91-81-1116-084-5_160902_M\u00fcnchenHeimeranplatz_EC113-300x205.jpg 300w, https:\/\/zug-bilder.de\/wp-content\/uploads\/2018\/05\/1000-A-\u00d6BB-91-81-1116-084-5_160902_M\u00fcnchenHeimeranplatz_EC113-768x524.jpg 768w\" sizes=\"auto, (max-width: 1000px) 100vw, 1000px\" \/><\/a><\/figure>\n<\/div>\n\n\n\n<div class=\"wp-block-column is-layout-flow wp-block-column-is-layout-flow\">\n<p class=\"has-light-gray-background-color has-background\"><span style=\"color: #333333;\"><strong>A-\u00d6BB 91 81 1116 084-5<br><\/strong>02.09.2016<\/span><br><img loading=\"lazy\" decoding=\"async\" width=\"33\" height=\"20\" class=\"wp-image-5706\" style=\"width: 33px;\" src=\"https:\/\/zug-bilder.de\/wp-content\/uploads\/2023\/04\/Flagge_Deutschland.jpg\" alt=\"\"> <span style=\"color: #333333;\">M\u00fcnchen Heimeranplatz<\/span><br><img loading=\"lazy\" decoding=\"async\" width=\"70\" height=\"18\" class=\"wp-image-6626\" style=\"width: 70px;\" src=\"https:\/\/zug-bilder.de\/wp-content\/uploads\/2024\/06\/Logo_EC.png\" alt=\"\"> <span style=\"color: #333333;\"><em>113<\/em><\/span><br><span style=\"color: #333333;\"><em>M\u00fcnchen Hbf &#8211;<\/em><\/span> <span style=\"color: #333333;\"><em>Klagenfurt Hbf<\/em><\/span><br><br><img loading=\"lazy\" decoding=\"async\" width=\"50\" height=\"29\" class=\"wp-image-1964\" style=\"width: 50px;\" src=\"https:\/\/zug-bilder.de\/wp-content\/uploads\/2019\/08\/Kurswagen.jpg\" alt=\"\"><em>bis Villach Hbf<br>weiter auf EC 213 &#8222;Mimara&#8220;<br>(M\u00fcnchen Hbf -) Villach Hbf &#8211; Zagreb Glavni kolodvor<\/em><\/p>\n<\/div>\n<\/div>\n\n\n\n<div class=\"wp-block-columns is-layout-flex wp-container-core-columns-is-layout-9d6595d7 wp-block-columns-is-layout-flex\">\n<div class=\"wp-block-column is-layout-flow wp-block-column-is-layout-flow\">\n<figure class=\"wp-block-image size-full\"><a href=\"https:\/\/zug-bilder.de\/wp-content\/uploads\/2018\/05\/1000-A-\u00d6BB-91-81-1116-088-6_160518_M\u00fcnchenHeimeranplatz_EC112.jpg\"><img loading=\"lazy\" decoding=\"async\" width=\"1000\" height=\"682\" src=\"https:\/\/zug-bilder.de\/wp-content\/uploads\/2018\/05\/1000-A-\u00d6BB-91-81-1116-088-6_160518_M\u00fcnchenHeimeranplatz_EC112.jpg\" alt=\"\" class=\"wp-image-243\" srcset=\"https:\/\/zug-bilder.de\/wp-content\/uploads\/2018\/05\/1000-A-\u00d6BB-91-81-1116-088-6_160518_M\u00fcnchenHeimeranplatz_EC112.jpg 1000w, https:\/\/zug-bilder.de\/wp-content\/uploads\/2018\/05\/1000-A-\u00d6BB-91-81-1116-088-6_160518_M\u00fcnchenHeimeranplatz_EC112-300x205.jpg 300w, https:\/\/zug-bilder.de\/wp-content\/uploads\/2018\/05\/1000-A-\u00d6BB-91-81-1116-088-6_160518_M\u00fcnchenHeimeranplatz_EC112-768x524.jpg 768w\" sizes=\"auto, (max-width: 1000px) 100vw, 1000px\" \/><\/a><\/figure>\n<\/div>\n\n\n\n<div class=\"wp-block-column is-layout-flow wp-block-column-is-layout-flow\">\n<p class=\"has-light-gray-background-color has-background\"><span style=\"color: #333333;\"><strong>A-\u00d6BB 91 81 1116 088-6<br><\/strong>18.05.2016<\/span><br><img loading=\"lazy\" decoding=\"async\" width=\"33\" height=\"20\" class=\"wp-image-5706\" style=\"width: 33px;\" src=\"https:\/\/zug-bilder.de\/wp-content\/uploads\/2023\/04\/Flagge_Deutschland.jpg\" alt=\"\"> <span style=\"color: #333333;\">M\u00fcnchen Heimeranplatz<\/span><br><img loading=\"lazy\" decoding=\"async\" width=\"70\" height=\"18\" class=\"wp-image-6626\" style=\"width: 70px;\" src=\"https:\/\/zug-bilder.de\/wp-content\/uploads\/2024\/06\/Logo_EC.png\" alt=\"\"> <span style=\"color: #333333;\"><em>112<br>Klagenfurt Hbf &#8211; Frankfurt (Main) Hbf<\/em><\/span><br><br><img loading=\"lazy\" decoding=\"async\" width=\"50\" height=\"29\" class=\"wp-image-1964\" style=\"width: 50px;\" src=\"https:\/\/zug-bilder.de\/wp-content\/uploads\/2019\/08\/Kurswagen.jpg\" alt=\"\"><em>ab Villach Hbf<br>von EC 212 &#8222;Mimara&#8220;<br>Zagreb Glavni kolodvor &#8211; Villach Hbf (- Frankfurt (Main) Hbf)<\/em><\/p>\n<\/div>\n<\/div>\n\n\n\n<div class=\"wp-block-columns is-layout-flex wp-container-core-columns-is-layout-9d6595d7 wp-block-columns-is-layout-flex\">\n<div class=\"wp-block-column is-layout-flow wp-block-column-is-layout-flow\">\n<figure class=\"wp-block-image size-full\"><a href=\"https:\/\/zug-bilder.de\/wp-content\/uploads\/2025\/09\/1000-A-OeBB-91-81-1116-088-6_250612_Assling.jpg\"><img loading=\"lazy\" decoding=\"async\" width=\"1000\" height=\"667\" src=\"https:\/\/zug-bilder.de\/wp-content\/uploads\/2025\/09\/1000-A-OeBB-91-81-1116-088-6_250612_Assling.jpg\" alt=\"\" class=\"wp-image-7841\" srcset=\"https:\/\/zug-bilder.de\/wp-content\/uploads\/2025\/09\/1000-A-OeBB-91-81-1116-088-6_250612_Assling.jpg 1000w, https:\/\/zug-bilder.de\/wp-content\/uploads\/2025\/09\/1000-A-OeBB-91-81-1116-088-6_250612_Assling-300x200.jpg 300w, https:\/\/zug-bilder.de\/wp-content\/uploads\/2025\/09\/1000-A-OeBB-91-81-1116-088-6_250612_Assling-768x512.jpg 768w\" sizes=\"auto, (max-width: 1000px) 100vw, 1000px\" \/><\/a><\/figure>\n<\/div>\n\n\n\n<div class=\"wp-block-column is-layout-flow wp-block-column-is-layout-flow\">\n<p class=\"has-light-gray-background-color has-background\"><strong>A-\u00d6BB 91 81 1116 088-6<\/strong><br>12.06.2025<br><img loading=\"lazy\" decoding=\"async\" width=\"33\" height=\"20\" class=\"wp-image-5706\" style=\"width: 33px;\" src=\"https:\/\/zug-bilder.de\/wp-content\/uploads\/2023\/04\/Flagge_Deutschland.jpg\" alt=\"\"> A\u00dfling (Oberbay)<\/p>\n<\/div>\n<\/div>\n\n\n\n<div class=\"wp-block-columns is-layout-flex wp-container-core-columns-is-layout-9d6595d7 wp-block-columns-is-layout-flex\">\n<div class=\"wp-block-column is-layout-flow wp-block-column-is-layout-flow\">\n<figure class=\"wp-block-image size-full\"><a href=\"https:\/\/zug-bilder.de\/wp-content\/uploads\/2020\/05\/1000-91-81-1116-091-0-A-\u00d6BB_150120_SalzburgHbf.jpg\"><img loading=\"lazy\" decoding=\"async\" width=\"1000\" height=\"682\" src=\"https:\/\/zug-bilder.de\/wp-content\/uploads\/2020\/05\/1000-91-81-1116-091-0-A-\u00d6BB_150120_SalzburgHbf.jpg\" alt=\"\" class=\"wp-image-3841\" srcset=\"https:\/\/zug-bilder.de\/wp-content\/uploads\/2020\/05\/1000-91-81-1116-091-0-A-\u00d6BB_150120_SalzburgHbf.jpg 1000w, https:\/\/zug-bilder.de\/wp-content\/uploads\/2020\/05\/1000-91-81-1116-091-0-A-\u00d6BB_150120_SalzburgHbf-300x205.jpg 300w, https:\/\/zug-bilder.de\/wp-content\/uploads\/2020\/05\/1000-91-81-1116-091-0-A-\u00d6BB_150120_SalzburgHbf-768x524.jpg 768w\" sizes=\"auto, (max-width: 1000px) 100vw, 1000px\" \/><\/a><\/figure>\n<\/div>\n\n\n\n<div class=\"wp-block-column is-layout-flow wp-block-column-is-layout-flow\">\n<p class=\"has-light-gray-background-color has-background\"><span style=\"color: #333333;\"><strong>A-\u00d6BB 91 81 1116 091-0<br><\/strong>20.01.2015<br><\/span><img loading=\"lazy\" decoding=\"async\" width=\"30\" height=\"20\" class=\"wp-image-5711\" style=\"width: 30px;\" src=\"https:\/\/zug-bilder.de\/wp-content\/uploads\/2023\/04\/Flagge_Oesterreich.jpg\" alt=\"\"> <span style=\"color: #333333;\">Salzburg Hbf<\/span><\/p>\n<\/div>\n<\/div>\n\n\n\n<div class=\"wp-block-columns is-layout-flex wp-container-core-columns-is-layout-9d6595d7 wp-block-columns-is-layout-flex\">\n<div class=\"wp-block-column is-layout-flow wp-block-column-is-layout-flow\">\n<figure class=\"wp-block-image size-full\"><a href=\"https:\/\/zug-bilder.de\/wp-content\/uploads\/2019\/12\/1000-A-\u00d6BB-91-81-1116-114-0_140627_Gronsdorf_EC83.jpg\"><img loading=\"lazy\" decoding=\"async\" width=\"1000\" height=\"682\" src=\"https:\/\/zug-bilder.de\/wp-content\/uploads\/2019\/12\/1000-A-\u00d6BB-91-81-1116-114-0_140627_Gronsdorf_EC83.jpg\" alt=\"\" class=\"wp-image-2804\" srcset=\"https:\/\/zug-bilder.de\/wp-content\/uploads\/2019\/12\/1000-A-\u00d6BB-91-81-1116-114-0_140627_Gronsdorf_EC83.jpg 1000w, https:\/\/zug-bilder.de\/wp-content\/uploads\/2019\/12\/1000-A-\u00d6BB-91-81-1116-114-0_140627_Gronsdorf_EC83-300x205.jpg 300w, https:\/\/zug-bilder.de\/wp-content\/uploads\/2019\/12\/1000-A-\u00d6BB-91-81-1116-114-0_140627_Gronsdorf_EC83-768x524.jpg 768w\" sizes=\"auto, (max-width: 1000px) 100vw, 1000px\" \/><\/a><\/figure>\n<\/div>\n\n\n\n<div class=\"wp-block-column is-layout-flow wp-block-column-is-layout-flow\">\n<p class=\"has-light-gray-background-color has-background\"><span style=\"color: #333333;\"><strong>A-\u00d6BB 91 81 1116 114-0<br><\/strong>27.06.2014<br><\/span><img loading=\"lazy\" decoding=\"async\" width=\"33\" height=\"20\" class=\"wp-image-5706\" style=\"width: 33px;\" src=\"https:\/\/zug-bilder.de\/wp-content\/uploads\/2023\/04\/Flagge_Deutschland.jpg\" alt=\"\"> <span style=\"color: #333333;\">Gronsdorf<br><\/span><img loading=\"lazy\" decoding=\"async\" width=\"70\" height=\"18\" class=\"wp-image-6626\" style=\"width: 70px;\" src=\"https:\/\/zug-bilder.de\/wp-content\/uploads\/2024\/06\/Logo_EC.png\" alt=\"\"> <span style=\"color: #333333;\"><em>83 &#8222;DB-\u00d6BB-EuroCity&#8220;<\/em><br><em>M\u00fcnchen Hbf &#8211;<\/em> <em>Verona Porta Nuova<\/em><\/span><\/p>\n<\/div>\n<\/div>\n\n\n\n<div class=\"wp-block-columns is-layout-flex wp-container-core-columns-is-layout-9d6595d7 wp-block-columns-is-layout-flex\">\n<div class=\"wp-block-column is-layout-flow wp-block-column-is-layout-flow\">\n<figure class=\"wp-block-image size-full\"><a href=\"https:\/\/zug-bilder.de\/wp-content\/uploads\/2018\/05\/1000-A-\u00d6BB-91-81-1116-116-5_170306_M\u00fcnchenHeimeranplatz_EC113.jpg\"><img loading=\"lazy\" decoding=\"async\" width=\"1000\" height=\"682\" src=\"https:\/\/zug-bilder.de\/wp-content\/uploads\/2018\/05\/1000-A-\u00d6BB-91-81-1116-116-5_170306_M\u00fcnchenHeimeranplatz_EC113.jpg\" alt=\"\" class=\"wp-image-244\" srcset=\"https:\/\/zug-bilder.de\/wp-content\/uploads\/2018\/05\/1000-A-\u00d6BB-91-81-1116-116-5_170306_M\u00fcnchenHeimeranplatz_EC113.jpg 1000w, https:\/\/zug-bilder.de\/wp-content\/uploads\/2018\/05\/1000-A-\u00d6BB-91-81-1116-116-5_170306_M\u00fcnchenHeimeranplatz_EC113-300x205.jpg 300w, https:\/\/zug-bilder.de\/wp-content\/uploads\/2018\/05\/1000-A-\u00d6BB-91-81-1116-116-5_170306_M\u00fcnchenHeimeranplatz_EC113-768x524.jpg 768w\" sizes=\"auto, (max-width: 1000px) 100vw, 1000px\" \/><\/a><\/figure>\n<\/div>\n\n\n\n<div class=\"wp-block-column is-layout-flow wp-block-column-is-layout-flow\">\n<p class=\"has-light-gray-background-color has-background\"><span style=\"color: #333333;\"><strong>A-\u00d6BB 91 81 1116 116-5<br><\/strong>06.03.2017<\/span><br><img loading=\"lazy\" decoding=\"async\" width=\"33\" height=\"20\" class=\"wp-image-5706\" style=\"width: 33px;\" src=\"https:\/\/zug-bilder.de\/wp-content\/uploads\/2023\/04\/Flagge_Deutschland.jpg\" alt=\"\"> <span style=\"color: #333333;\">M\u00fcnchen Heimeranplatz<\/span><br><img loading=\"lazy\" decoding=\"async\" width=\"70\" height=\"18\" class=\"wp-image-6626\" style=\"width: 70px;\" src=\"https:\/\/zug-bilder.de\/wp-content\/uploads\/2024\/06\/Logo_EC.png\" alt=\"\"> <span style=\"color: #333333;\"><em>113<br>Frankfurt (Main) Hbf &#8211; Klagenfurt Hbf<\/em><\/span><br><br><img loading=\"lazy\" decoding=\"async\" width=\"50\" height=\"29\" class=\"wp-image-1964\" style=\"width: 50px;\" src=\"https:\/\/zug-bilder.de\/wp-content\/uploads\/2019\/08\/Kurswagen.jpg\" alt=\"\"> <em>bis Villach Hbf<br>weiter auf EC 213 &#8222;Mimara&#8220;<br>(Frankfurt (Main) Hbf -) Villach Hbf &#8211; Zagreb Glavni kolodvor<\/em><br><\/p>\n<\/div>\n<\/div>\n\n\n\n<div class=\"wp-block-columns is-layout-flex wp-container-core-columns-is-layout-9d6595d7 wp-block-columns-is-layout-flex\">\n<div class=\"wp-block-column is-layout-flow wp-block-column-is-layout-flow\">\n<figure class=\"wp-block-image size-full\"><a href=\"https:\/\/zug-bilder.de\/wp-content\/uploads\/2018\/05\/1000-A-\u00d6BB-91-81-1116-126-2_170729_M\u00fcnchenPasing.jpg\"><img loading=\"lazy\" decoding=\"async\" width=\"1000\" height=\"682\" src=\"https:\/\/zug-bilder.de\/wp-content\/uploads\/2018\/05\/1000-A-\u00d6BB-91-81-1116-126-2_170729_M\u00fcnchenPasing.jpg\" alt=\"\" class=\"wp-image-245\" srcset=\"https:\/\/zug-bilder.de\/wp-content\/uploads\/2018\/05\/1000-A-\u00d6BB-91-81-1116-126-2_170729_M\u00fcnchenPasing.jpg 1000w, https:\/\/zug-bilder.de\/wp-content\/uploads\/2018\/05\/1000-A-\u00d6BB-91-81-1116-126-2_170729_M\u00fcnchenPasing-300x205.jpg 300w, https:\/\/zug-bilder.de\/wp-content\/uploads\/2018\/05\/1000-A-\u00d6BB-91-81-1116-126-2_170729_M\u00fcnchenPasing-768x524.jpg 768w\" sizes=\"auto, (max-width: 1000px) 100vw, 1000px\" \/><\/a><\/figure>\n<\/div>\n\n\n\n<div class=\"wp-block-column is-layout-flow wp-block-column-is-layout-flow\">\n<p class=\"has-light-gray-background-color has-background\"><span style=\"color: #333333;\"><strong>A-\u00d6BB 91 81 1116 126-2<br><\/strong>29.07.2017<\/span><br><img loading=\"lazy\" decoding=\"async\" width=\"33\" height=\"20\" class=\"wp-image-5706\" style=\"width: 33px;\" src=\"https:\/\/zug-bilder.de\/wp-content\/uploads\/2023\/04\/Flagge_Deutschland.jpg\" alt=\"\"> <span style=\"color: #333333;\">M\u00fcnchen Pasing<\/span><\/p>\n<\/div>\n<\/div>\n\n\n\n<div class=\"wp-block-columns is-layout-flex wp-container-core-columns-is-layout-9d6595d7 wp-block-columns-is-layout-flex\">\n<div class=\"wp-block-column is-layout-flow wp-block-column-is-layout-flow\">\n<figure class=\"wp-block-image size-full\"><a href=\"https:\/\/zug-bilder.de\/wp-content\/uploads\/2018\/07\/1000-A-\u00d6BB-91-81-1116-132-2_180412_\u00dcbersee_EC113.jpg\"><img loading=\"lazy\" decoding=\"async\" width=\"1000\" height=\"682\" src=\"https:\/\/zug-bilder.de\/wp-content\/uploads\/2018\/07\/1000-A-\u00d6BB-91-81-1116-132-2_180412_\u00dcbersee_EC113.jpg\" alt=\"\" class=\"wp-image-551\" srcset=\"https:\/\/zug-bilder.de\/wp-content\/uploads\/2018\/07\/1000-A-\u00d6BB-91-81-1116-132-2_180412_\u00dcbersee_EC113.jpg 1000w, https:\/\/zug-bilder.de\/wp-content\/uploads\/2018\/07\/1000-A-\u00d6BB-91-81-1116-132-2_180412_\u00dcbersee_EC113-300x205.jpg 300w, https:\/\/zug-bilder.de\/wp-content\/uploads\/2018\/07\/1000-A-\u00d6BB-91-81-1116-132-2_180412_\u00dcbersee_EC113-768x524.jpg 768w\" sizes=\"auto, (max-width: 1000px) 100vw, 1000px\" \/><\/a><\/figure>\n<\/div>\n\n\n\n<div class=\"wp-block-column is-layout-flow wp-block-column-is-layout-flow\">\n<p class=\"has-light-gray-background-color has-background\"><span style=\"color: #333333;\"><strong>A-\u00d6BB 91 81 1116 132-2<br><\/strong>12.04.2018<br><\/span><img loading=\"lazy\" decoding=\"async\" width=\"33\" height=\"20\" class=\"wp-image-5706\" style=\"width: 33px;\" src=\"https:\/\/zug-bilder.de\/wp-content\/uploads\/2023\/04\/Flagge_Deutschland.jpg\" alt=\"\"> <span style=\"color: #333333;\">\u00dcbersee<br><\/span><img loading=\"lazy\" decoding=\"async\" width=\"70\" height=\"18\" class=\"wp-image-6626\" style=\"width: 70px;\" src=\"https:\/\/zug-bilder.de\/wp-content\/uploads\/2024\/06\/Logo_EC.png\" alt=\"\"> <span style=\"color: #333333;\"><em>113 &#8222;Blauer Enzian&#8220;<\/em><br><em>Frankfurt (Main) Hbf<\/em> &#8211; <em>Klagenfurt Hbf<\/em><\/span><br><br><img loading=\"lazy\" decoding=\"async\" width=\"50\" height=\"29\" class=\"wp-image-1964\" style=\"width: 50px;\" src=\"https:\/\/zug-bilder.de\/wp-content\/uploads\/2019\/08\/Kurswagen.jpg\" alt=\"\"> <em>bis Villach Hbf<br>weiter auf EC 213 &#8222;Mimara&#8220;<br>(Frankfurt (Main) Hbf -) Villach Hbf &#8211; Zagreb Glavni kolodvor<\/em><\/p>\n<\/div>\n<\/div>\n\n\n\n<div class=\"wp-block-columns is-layout-flex wp-container-core-columns-is-layout-9d6595d7 wp-block-columns-is-layout-flex\">\n<div class=\"wp-block-column is-layout-flow wp-block-column-is-layout-flow\">\n<figure class=\"wp-block-image size-full\"><a href=\"https:\/\/zug-bilder.de\/wp-content\/uploads\/2020\/06\/1000-91-81-1116-139-7-A-\u00d6BB_200602_\u00dcbersee_EC112.jpg\"><img loading=\"lazy\" decoding=\"async\" width=\"1000\" height=\"682\" src=\"https:\/\/zug-bilder.de\/wp-content\/uploads\/2020\/06\/1000-91-81-1116-139-7-A-\u00d6BB_200602_\u00dcbersee_EC112.jpg\" alt=\"\" class=\"wp-image-4053\" srcset=\"https:\/\/zug-bilder.de\/wp-content\/uploads\/2020\/06\/1000-91-81-1116-139-7-A-\u00d6BB_200602_\u00dcbersee_EC112.jpg 1000w, https:\/\/zug-bilder.de\/wp-content\/uploads\/2020\/06\/1000-91-81-1116-139-7-A-\u00d6BB_200602_\u00dcbersee_EC112-300x205.jpg 300w, https:\/\/zug-bilder.de\/wp-content\/uploads\/2020\/06\/1000-91-81-1116-139-7-A-\u00d6BB_200602_\u00dcbersee_EC112-768x524.jpg 768w\" sizes=\"auto, (max-width: 1000px) 100vw, 1000px\" \/><\/a><\/figure>\n<\/div>\n\n\n\n<div class=\"wp-block-column is-layout-flow wp-block-column-is-layout-flow\">\n<p class=\"has-light-gray-background-color has-background\"><span style=\"color: #333333;\"><strong>A-\u00d6BB 91 81 1116 139-7<br><\/strong>02.06.2020<br><\/span><img loading=\"lazy\" decoding=\"async\" width=\"33\" height=\"20\" class=\"wp-image-5706\" style=\"width: 33px;\" src=\"https:\/\/zug-bilder.de\/wp-content\/uploads\/2023\/04\/Flagge_Deutschland.jpg\" alt=\"\"> <span style=\"color: #333333;\">\u00dcbersee<br><\/span><img loading=\"lazy\" decoding=\"async\" width=\"70\" height=\"18\" class=\"wp-image-6626\" style=\"width: 70px;\" src=\"https:\/\/zug-bilder.de\/wp-content\/uploads\/2024\/06\/Logo_EC.png\" alt=\"\"> <span style=\"color: #333333;\"><em>112 &#8222;Blauer Enzian&#8220;<\/em><br><em>Klagenfurt Hbf &#8211;<\/em> <em>M\u00fcnchen Hbf<\/em><\/span><\/p>\n<\/div>\n<\/div>\n\n\n\n<div class=\"wp-block-columns is-layout-flex wp-container-core-columns-is-layout-9d6595d7 wp-block-columns-is-layout-flex\">\n<div class=\"wp-block-column is-layout-flow wp-block-column-is-layout-flow\">\n<figure class=\"wp-block-image size-full\"><a href=\"https:\/\/zug-bilder.de\/wp-content\/uploads\/2023\/02\/1000-A-OeBB-91-81-1116-141-3_140312_Freilassing.jpg\"><img loading=\"lazy\" decoding=\"async\" width=\"1000\" height=\"682\" src=\"https:\/\/zug-bilder.de\/wp-content\/uploads\/2023\/02\/1000-A-OeBB-91-81-1116-141-3_140312_Freilassing.jpg\" alt=\"\" class=\"wp-image-5587\" srcset=\"https:\/\/zug-bilder.de\/wp-content\/uploads\/2023\/02\/1000-A-OeBB-91-81-1116-141-3_140312_Freilassing.jpg 1000w, https:\/\/zug-bilder.de\/wp-content\/uploads\/2023\/02\/1000-A-OeBB-91-81-1116-141-3_140312_Freilassing-300x205.jpg 300w, https:\/\/zug-bilder.de\/wp-content\/uploads\/2023\/02\/1000-A-OeBB-91-81-1116-141-3_140312_Freilassing-768x524.jpg 768w\" sizes=\"auto, (max-width: 1000px) 100vw, 1000px\" \/><\/a><\/figure>\n<\/div>\n\n\n\n<div class=\"wp-block-column is-layout-flow wp-block-column-is-layout-flow\">\n<p class=\"has-light-gray-background-color has-background\"><span style=\"color: #333333;\"><strong>A-\u00d6BB 91 81 1116 141-3<br><\/strong>12.03.2014<br><\/span><img loading=\"lazy\" decoding=\"async\" width=\"33\" height=\"20\" class=\"wp-image-5706\" style=\"width: 33px;\" src=\"https:\/\/zug-bilder.de\/wp-content\/uploads\/2023\/04\/Flagge_Deutschland.jpg\" alt=\"\"> <span style=\"color: #333333;\">Freilassing<\/span><\/p>\n<\/div>\n<\/div>\n\n\n\n<div class=\"wp-block-columns is-layout-flex wp-container-core-columns-is-layout-9d6595d7 wp-block-columns-is-layout-flex\">\n<div class=\"wp-block-column is-layout-flow wp-block-column-is-layout-flow\">\n<figure class=\"wp-block-image size-full\"><a href=\"https:\/\/zug-bilder.de\/wp-content\/uploads\/2024\/06\/1000-91-81-1116-150-4-A-OeBB_240529_WienQuartierBelvedere_REX2332.jpg\"><img loading=\"lazy\" decoding=\"async\" width=\"1000\" height=\"682\" src=\"https:\/\/zug-bilder.de\/wp-content\/uploads\/2024\/06\/1000-91-81-1116-150-4-A-OeBB_240529_WienQuartierBelvedere_REX2332.jpg\" alt=\"\" class=\"wp-image-6614\" srcset=\"https:\/\/zug-bilder.de\/wp-content\/uploads\/2024\/06\/1000-91-81-1116-150-4-A-OeBB_240529_WienQuartierBelvedere_REX2332.jpg 1000w, https:\/\/zug-bilder.de\/wp-content\/uploads\/2024\/06\/1000-91-81-1116-150-4-A-OeBB_240529_WienQuartierBelvedere_REX2332-300x205.jpg 300w, https:\/\/zug-bilder.de\/wp-content\/uploads\/2024\/06\/1000-91-81-1116-150-4-A-OeBB_240529_WienQuartierBelvedere_REX2332-768x524.jpg 768w\" sizes=\"auto, (max-width: 1000px) 100vw, 1000px\" \/><\/a><\/figure>\n<\/div>\n\n\n\n<div class=\"wp-block-column is-layout-flow wp-block-column-is-layout-flow\">\n<p class=\"has-light-gray-background-color has-background\"><strong>A-\u00d6BB 91 81 1116 150-4<\/strong><br>29.05.2024<br><img loading=\"lazy\" decoding=\"async\" width=\"30\" height=\"20\" class=\"wp-image-5711\" style=\"width: 30px;\" src=\"https:\/\/zug-bilder.de\/wp-content\/uploads\/2023\/04\/Flagge_Oesterreich.jpg\" alt=\"\"> Wien Quartier Belvedere<br>REX 2332<br>Wiener Neustadt Hbf &#8211; Breclav<\/p>\n<\/div>\n<\/div>\n\n\n\n<div class=\"wp-block-columns is-layout-flex wp-container-core-columns-is-layout-9d6595d7 wp-block-columns-is-layout-flex\">\n<div class=\"wp-block-column is-layout-flow wp-block-column-is-layout-flow\">\n<figure class=\"wp-block-image size-full\"><a href=\"https:\/\/zug-bilder.de\/wp-content\/uploads\/2020\/06\/1000-91-81-1116-151-2-A-\u00d6BB_200602_\u00dcbersee_EC113.jpg\"><img loading=\"lazy\" decoding=\"async\" width=\"1000\" height=\"682\" src=\"https:\/\/zug-bilder.de\/wp-content\/uploads\/2020\/06\/1000-91-81-1116-151-2-A-\u00d6BB_200602_\u00dcbersee_EC113.jpg\" alt=\"\" class=\"wp-image-4032\" srcset=\"https:\/\/zug-bilder.de\/wp-content\/uploads\/2020\/06\/1000-91-81-1116-151-2-A-\u00d6BB_200602_\u00dcbersee_EC113.jpg 1000w, https:\/\/zug-bilder.de\/wp-content\/uploads\/2020\/06\/1000-91-81-1116-151-2-A-\u00d6BB_200602_\u00dcbersee_EC113-300x205.jpg 300w, https:\/\/zug-bilder.de\/wp-content\/uploads\/2020\/06\/1000-91-81-1116-151-2-A-\u00d6BB_200602_\u00dcbersee_EC113-768x524.jpg 768w\" sizes=\"auto, (max-width: 1000px) 100vw, 1000px\" \/><\/a><\/figure>\n<\/div>\n\n\n\n<div class=\"wp-block-column is-layout-flow wp-block-column-is-layout-flow\">\n<p class=\"has-light-gray-background-color has-background\"><span style=\"color: #333333;\"><strong>A-\u00d6BB 91 81 1116 151-2<br><\/strong>02.06.2020<br><\/span><img loading=\"lazy\" decoding=\"async\" width=\"33\" height=\"20\" class=\"wp-image-5706\" style=\"width: 33px;\" src=\"https:\/\/zug-bilder.de\/wp-content\/uploads\/2023\/04\/Flagge_Deutschland.jpg\" alt=\"\"> <span style=\"color: #333333;\">\u00dcbersee<br><\/span><img loading=\"lazy\" decoding=\"async\" width=\"70\" height=\"18\" class=\"wp-image-6626\" style=\"width: 70px;\" src=\"https:\/\/zug-bilder.de\/wp-content\/uploads\/2024\/06\/Logo_EC.png\" alt=\"\"> <span style=\"color: #333333;\"><em>113 &#8222;Blauer Enzian&#8220;<\/em><br><em>M\u00fcnchen Hbf &#8211;<\/em> <em>Klagenfurt Hbf<\/em><\/span><\/p>\n<\/div>\n<\/div>\n\n\n\n<div class=\"wp-block-columns is-layout-flex wp-container-core-columns-is-layout-9d6595d7 wp-block-columns-is-layout-flex\">\n<div class=\"wp-block-column is-layout-flow wp-block-column-is-layout-flow\">\n<figure class=\"wp-block-image size-full\"><a href=\"https:\/\/zug-bilder.de\/wp-content\/uploads\/2018\/10\/1000-91-81-1116-153-8-A-\u00d6BB_181011_M\u00fcnchenHbf_RJ261.jpg\"><img loading=\"lazy\" decoding=\"async\" width=\"1000\" height=\"682\" src=\"https:\/\/zug-bilder.de\/wp-content\/uploads\/2018\/10\/1000-91-81-1116-153-8-A-\u00d6BB_181011_M\u00fcnchenHbf_RJ261.jpg\" alt=\"\" class=\"wp-image-965\" srcset=\"https:\/\/zug-bilder.de\/wp-content\/uploads\/2018\/10\/1000-91-81-1116-153-8-A-\u00d6BB_181011_M\u00fcnchenHbf_RJ261.jpg 1000w, https:\/\/zug-bilder.de\/wp-content\/uploads\/2018\/10\/1000-91-81-1116-153-8-A-\u00d6BB_181011_M\u00fcnchenHbf_RJ261-300x205.jpg 300w, https:\/\/zug-bilder.de\/wp-content\/uploads\/2018\/10\/1000-91-81-1116-153-8-A-\u00d6BB_181011_M\u00fcnchenHbf_RJ261-768x524.jpg 768w\" sizes=\"auto, (max-width: 1000px) 100vw, 1000px\" \/><\/a><\/figure>\n<\/div>\n\n\n\n<div class=\"wp-block-column is-layout-flow wp-block-column-is-layout-flow\">\n<p class=\"has-light-gray-background-color has-background\"><span style=\"color: #333333;\"><strong>A-\u00d6BB 91 81 1116 153-8<br><\/strong>11.10.2018<br><\/span><img loading=\"lazy\" decoding=\"async\" width=\"33\" height=\"20\" class=\"wp-image-5706\" style=\"width: 33px;\" src=\"https:\/\/zug-bilder.de\/wp-content\/uploads\/2023\/04\/Flagge_Deutschland.jpg\" alt=\"\"> <span style=\"color: #333333;\">M\u00fcnchen Hbf<br><em>RJ 261<\/em><br><em>M\u00fcnchen Hbf &#8211; Flughafen Wien<\/em><\/span><\/p>\n<\/div>\n<\/div>\n\n\n\n<div class=\"wp-block-columns is-layout-flex wp-container-core-columns-is-layout-9d6595d7 wp-block-columns-is-layout-flex\">\n<div class=\"wp-block-column is-layout-flow wp-block-column-is-layout-flow\">\n<figure class=\"wp-block-image size-full\"><a href=\"https:\/\/zug-bilder.de\/wp-content\/uploads\/2018\/05\/1000-A-\u00d6BB-91-81-1116-157-9_180425_\u00dcbersee_RJ865.jpg\"><img loading=\"lazy\" decoding=\"async\" width=\"1000\" height=\"682\" src=\"https:\/\/zug-bilder.de\/wp-content\/uploads\/2018\/05\/1000-A-\u00d6BB-91-81-1116-157-9_180425_\u00dcbersee_RJ865.jpg\" alt=\"\" class=\"wp-image-236\" srcset=\"https:\/\/zug-bilder.de\/wp-content\/uploads\/2018\/05\/1000-A-\u00d6BB-91-81-1116-157-9_180425_\u00dcbersee_RJ865.jpg 1000w, https:\/\/zug-bilder.de\/wp-content\/uploads\/2018\/05\/1000-A-\u00d6BB-91-81-1116-157-9_180425_\u00dcbersee_RJ865-300x205.jpg 300w, https:\/\/zug-bilder.de\/wp-content\/uploads\/2018\/05\/1000-A-\u00d6BB-91-81-1116-157-9_180425_\u00dcbersee_RJ865-768x524.jpg 768w\" sizes=\"auto, (max-width: 1000px) 100vw, 1000px\" \/><\/a><\/figure>\n<\/div>\n\n\n\n<div class=\"wp-block-column is-layout-flow wp-block-column-is-layout-flow\">\n<p class=\"has-light-gray-background-color has-background\"><span style=\"color: #333333;\"><strong>A-\u00d6BB 91 81 1116 157-9<br><\/strong>25.04.2018<\/span><br><span style=\"color: #333333;\"> <\/span><img loading=\"lazy\" decoding=\"async\" width=\"33\" height=\"20\" class=\"wp-image-5706\" style=\"width: 33px;\" src=\"https:\/\/zug-bilder.de\/wp-content\/uploads\/2023\/04\/Flagge_Deutschland.jpg\" alt=\"\"> <span style=\"color: #333333;\">\u00dcbersee<\/span><br><span style=\"color: #333333;\"> <em>RJ 865 &#8222;Achensee&#8220;<br>Bregenz &#8211; Wien Hbf<\/em><\/span><\/p>\n<\/div>\n<\/div>\n\n\n\n<div class=\"wp-block-columns is-layout-flex wp-container-core-columns-is-layout-9d6595d7 wp-block-columns-is-layout-flex\">\n<div class=\"wp-block-column is-layout-flow wp-block-column-is-layout-flow\">\n<figure class=\"wp-block-image size-full\"><a href=\"https:\/\/zug-bilder.de\/wp-content\/uploads\/2018\/07\/1000-A-\u00d6BB-91-81-1116-158-5_180412_\u00dcbersee.jpg\"><img loading=\"lazy\" decoding=\"async\" width=\"1000\" height=\"682\" src=\"https:\/\/zug-bilder.de\/wp-content\/uploads\/2018\/07\/1000-A-\u00d6BB-91-81-1116-158-5_180412_\u00dcbersee.jpg\" alt=\"\" class=\"wp-image-541\" srcset=\"https:\/\/zug-bilder.de\/wp-content\/uploads\/2018\/07\/1000-A-\u00d6BB-91-81-1116-158-5_180412_\u00dcbersee.jpg 1000w, https:\/\/zug-bilder.de\/wp-content\/uploads\/2018\/07\/1000-A-\u00d6BB-91-81-1116-158-5_180412_\u00dcbersee-300x205.jpg 300w, https:\/\/zug-bilder.de\/wp-content\/uploads\/2018\/07\/1000-A-\u00d6BB-91-81-1116-158-5_180412_\u00dcbersee-768x524.jpg 768w\" sizes=\"auto, (max-width: 1000px) 100vw, 1000px\" \/><\/a><\/figure>\n<\/div>\n\n\n\n<div class=\"wp-block-column is-layout-flow wp-block-column-is-layout-flow\">\n<p class=\"has-light-gray-background-color has-background\"><span style=\"color: #333333;\"><strong>A-\u00d6BB 91 81 1116 158-5<br><\/strong>12.04.2018<br><\/span><img loading=\"lazy\" decoding=\"async\" width=\"33\" height=\"20\" class=\"wp-image-5706\" style=\"width: 33px;\" src=\"https:\/\/zug-bilder.de\/wp-content\/uploads\/2023\/04\/Flagge_Deutschland.jpg\" alt=\"\"> <span style=\"color: #333333;\">\u00dcbersee<\/span><\/p>\n<\/div>\n<\/div>\n\n\n\n<div class=\"wp-block-columns is-layout-flex wp-container-core-columns-is-layout-9d6595d7 wp-block-columns-is-layout-flex\">\n<div class=\"wp-block-column is-layout-flow wp-block-column-is-layout-flow\">\n<figure class=\"wp-block-image size-full\"><a href=\"https:\/\/zug-bilder.de\/wp-content\/uploads\/2024\/12\/1000-A-OeBB-91-81-1116-167-8_140321_MuenchenHbf_CNL485.jpg\"><img loading=\"lazy\" decoding=\"async\" width=\"1000\" height=\"667\" src=\"https:\/\/zug-bilder.de\/wp-content\/uploads\/2024\/12\/1000-A-OeBB-91-81-1116-167-8_140321_MuenchenHbf_CNL485.jpg\" alt=\"\" class=\"wp-image-7158\" srcset=\"https:\/\/zug-bilder.de\/wp-content\/uploads\/2024\/12\/1000-A-OeBB-91-81-1116-167-8_140321_MuenchenHbf_CNL485.jpg 1000w, https:\/\/zug-bilder.de\/wp-content\/uploads\/2024\/12\/1000-A-OeBB-91-81-1116-167-8_140321_MuenchenHbf_CNL485-300x200.jpg 300w, https:\/\/zug-bilder.de\/wp-content\/uploads\/2024\/12\/1000-A-OeBB-91-81-1116-167-8_140321_MuenchenHbf_CNL485-768x512.jpg 768w\" sizes=\"auto, (max-width: 1000px) 100vw, 1000px\" \/><\/a><\/figure>\n<\/div>\n\n\n\n<div class=\"wp-block-column is-layout-flow wp-block-column-is-layout-flow\">\n<p class=\"has-light-gray-background-color has-background\"><strong>A-\u00d6BB 91 81 1116 167-8<\/strong><br>21.03.2014<br>M\u00fcnchen Hbf<br><em>CNL 485 &#8222;Lupus&#8220; (bis Brenner)<br><img loading=\"lazy\" decoding=\"async\" width=\"70\" height=\"19\" class=\"wp-image-7162\" style=\"width: 70px;\" src=\"https:\/\/zug-bilder.de\/wp-content\/uploads\/2024\/12\/EN.png\" alt=\"\"> 485 &#8222;Lupus&#8220; (ab Brenner)<br>M\u00fcnchen Hbf &#8211; Roma Termini<\/em><br><mark style=\"background-color:rgba(0, 0, 0, 0)\" class=\"has-inline-color has-dark-gray-color\"><img loading=\"lazy\" decoding=\"async\" width=\"50\" height=\"29\" class=\"wp-image-7005\" style=\"width: 50px;\" src=\"https:\/\/zug-bilder.de\/wp-content\/uploads\/2024\/10\/Kurswagen.png\" alt=\"\"> vereinigt mit<br><em>CNL 40485 &#8222;Apus&#8220; (bis Brenner)<br><img loading=\"lazy\" decoding=\"async\" width=\"70\" height=\"19\" class=\"wp-image-7162\" style=\"width: 70px;\" src=\"https:\/\/zug-bilder.de\/wp-content\/uploads\/2024\/12\/EN.png\" alt=\"\"> 40485 &#8222;Apus&#8220; (ab Brenner)<br>M\u00fcnchen Hbf &#8211; Milano Centrale<\/em><\/mark><\/p>\n<\/div>\n<\/div>\n\n\n\n<div class=\"wp-block-columns is-layout-flex wp-container-core-columns-is-layout-9d6595d7 wp-block-columns-is-layout-flex\">\n<div class=\"wp-block-column is-layout-flow wp-block-column-is-layout-flow\">\n<figure class=\"wp-block-image size-full\"><a href=\"https:\/\/zug-bilder.de\/wp-content\/uploads\/2018\/06\/1000-91-81-1116-173-6-A-\u00d6BB_150120_SalzburgHbf_IC691.jpg\"><img loading=\"lazy\" decoding=\"async\" width=\"1000\" height=\"682\" src=\"https:\/\/zug-bilder.de\/wp-content\/uploads\/2018\/06\/1000-91-81-1116-173-6-A-\u00d6BB_150120_SalzburgHbf_IC691.jpg\" alt=\"\" class=\"wp-image-432\" srcset=\"https:\/\/zug-bilder.de\/wp-content\/uploads\/2018\/06\/1000-91-81-1116-173-6-A-\u00d6BB_150120_SalzburgHbf_IC691.jpg 1000w, https:\/\/zug-bilder.de\/wp-content\/uploads\/2018\/06\/1000-91-81-1116-173-6-A-\u00d6BB_150120_SalzburgHbf_IC691-300x205.jpg 300w, https:\/\/zug-bilder.de\/wp-content\/uploads\/2018\/06\/1000-91-81-1116-173-6-A-\u00d6BB_150120_SalzburgHbf_IC691-768x524.jpg 768w\" sizes=\"auto, (max-width: 1000px) 100vw, 1000px\" \/><\/a><\/figure>\n<\/div>\n\n\n\n<div class=\"wp-block-column is-layout-flow wp-block-column-is-layout-flow\">\n<p class=\"has-light-gray-background-color has-background\"><span style=\"color: #333333;\"><strong>A-\u00d6BB 91 81 1116 173-6<br><\/strong>20.01.2015<br><\/span><img loading=\"lazy\" decoding=\"async\" width=\"30\" height=\"20\" class=\"wp-image-5711\" style=\"width: 30px;\" src=\"https:\/\/zug-bilder.de\/wp-content\/uploads\/2023\/04\/Flagge_Oesterreich.jpg\" alt=\"\"> <span style=\"color: #333333;\">Salzburg Hbf<br><\/span><img loading=\"lazy\" decoding=\"async\" width=\"35\" height=\"15\" class=\"wp-image-6623\" style=\"width: 35px;\" src=\"https:\/\/zug-bilder.de\/wp-content\/uploads\/2024\/06\/Logo_IC_Oesterreich.png\" alt=\"\"> <span style=\"color: #333333;\"><em>691<br>Klagenfurt Hbf &#8211; Wien Westbahnhof<\/em><\/span><\/p>\n<\/div>\n<\/div>\n\n\n\n<div class=\"wp-block-columns is-layout-flex wp-container-core-columns-is-layout-9d6595d7 wp-block-columns-is-layout-flex\">\n<div class=\"wp-block-column is-layout-flow wp-block-column-is-layout-flow\">\n<figure class=\"wp-block-image size-full\"><a href=\"https:\/\/zug-bilder.de\/wp-content\/uploads\/2020\/02\/1000-A-\u00d6BB-91-81-1116-174-4_150404_Brenner.jpg\"><img loading=\"lazy\" decoding=\"async\" width=\"1000\" height=\"682\" src=\"https:\/\/zug-bilder.de\/wp-content\/uploads\/2020\/02\/1000-A-\u00d6BB-91-81-1116-174-4_150404_Brenner.jpg\" alt=\"\" class=\"wp-image-3621\" srcset=\"https:\/\/zug-bilder.de\/wp-content\/uploads\/2020\/02\/1000-A-\u00d6BB-91-81-1116-174-4_150404_Brenner.jpg 1000w, https:\/\/zug-bilder.de\/wp-content\/uploads\/2020\/02\/1000-A-\u00d6BB-91-81-1116-174-4_150404_Brenner-300x205.jpg 300w, https:\/\/zug-bilder.de\/wp-content\/uploads\/2020\/02\/1000-A-\u00d6BB-91-81-1116-174-4_150404_Brenner-768x524.jpg 768w\" sizes=\"auto, (max-width: 1000px) 100vw, 1000px\" \/><\/a><\/figure>\n<\/div>\n\n\n\n<div class=\"wp-block-column is-layout-flow wp-block-column-is-layout-flow\">\n<p class=\"has-light-gray-background-color has-background\"><span style=\"color: #333333;\"><strong>A-\u00d6BB 91 81 1116 174-4<br><\/strong>04.04.2015<br><\/span><img loading=\"lazy\" decoding=\"async\" width=\"30\" height=\"20\" class=\"wp-image-5709\" style=\"width: 30px;\" src=\"https:\/\/zug-bilder.de\/wp-content\/uploads\/2023\/04\/Flagge_Italien.jpg\" alt=\"\"> <span style=\"color: #333333;\">Brenner<\/span><br><span style=\"color: #333333;\">(Brennero)<\/span><\/p>\n<\/div>\n<\/div>\n\n\n\n<div class=\"wp-block-columns is-layout-flex wp-container-core-columns-is-layout-9d6595d7 wp-block-columns-is-layout-flex\">\n<div class=\"wp-block-column is-layout-flow wp-block-column-is-layout-flow\">\n<figure class=\"wp-block-image size-full\"><a href=\"https:\/\/zug-bilder.de\/wp-content\/uploads\/2019\/08\/1000-91-81-1116-182-7-A-\u00d6BB_190417_M\u00fcnchenHeimeranplatz_EC113.jpg\"><img loading=\"lazy\" decoding=\"async\" width=\"1000\" height=\"682\" src=\"https:\/\/zug-bilder.de\/wp-content\/uploads\/2019\/08\/1000-91-81-1116-182-7-A-\u00d6BB_190417_M\u00fcnchenHeimeranplatz_EC113.jpg\" alt=\"\" class=\"wp-image-2029\" srcset=\"https:\/\/zug-bilder.de\/wp-content\/uploads\/2019\/08\/1000-91-81-1116-182-7-A-\u00d6BB_190417_M\u00fcnchenHeimeranplatz_EC113.jpg 1000w, https:\/\/zug-bilder.de\/wp-content\/uploads\/2019\/08\/1000-91-81-1116-182-7-A-\u00d6BB_190417_M\u00fcnchenHeimeranplatz_EC113-300x205.jpg 300w, https:\/\/zug-bilder.de\/wp-content\/uploads\/2019\/08\/1000-91-81-1116-182-7-A-\u00d6BB_190417_M\u00fcnchenHeimeranplatz_EC113-768x524.jpg 768w\" sizes=\"auto, (max-width: 1000px) 100vw, 1000px\" \/><\/a><\/figure>\n<\/div>\n\n\n\n<div class=\"wp-block-column is-layout-flow wp-block-column-is-layout-flow\">\n<p class=\"has-light-gray-background-color has-background\"><span style=\"color: #333333;\"><strong>A-\u00d6BB 91 81 1116 182-7<br><\/strong>17.04.2019<br><\/span><img loading=\"lazy\" decoding=\"async\" width=\"33\" height=\"20\" class=\"wp-image-5706\" style=\"width: 33px;\" src=\"https:\/\/zug-bilder.de\/wp-content\/uploads\/2023\/04\/Flagge_Deutschland.jpg\" alt=\"\"> <span style=\"color: #333333;\">M\u00fcnchen Heimeranplatz<br><\/span><img loading=\"lazy\" decoding=\"async\" width=\"70\" height=\"18\" class=\"wp-image-6626\" style=\"width: 70px;\" src=\"https:\/\/zug-bilder.de\/wp-content\/uploads\/2024\/06\/Logo_EC.png\" alt=\"\"> <span style=\"color: #333333;\"><em>113 \u201eBlauer Enzian\u201c<\/em><br><em>Frankfurt (Main) Hbf \u2013<\/em> <em>Klagenfurt Hbf<\/em><\/span><br><br><img loading=\"lazy\" decoding=\"async\" width=\"50\" height=\"29\" class=\"wp-image-1964\" style=\"width: 50px;\" src=\"https:\/\/zug-bilder.de\/wp-content\/uploads\/2019\/08\/Kurswagen.jpg\" alt=\"\"> <em>bis Villach Hbf<br>weiter auf EC 213 &#8222;Mimara&#8220;<br>(Frankfurt (Main) Hbf -) Villach Hbf &#8211; Zagreb Glavni kolodvor<\/em><\/p>\n<\/div>\n<\/div>\n\n\n\n<div class=\"wp-block-columns is-layout-flex wp-container-core-columns-is-layout-9d6595d7 wp-block-columns-is-layout-flex\">\n<div class=\"wp-block-column is-layout-flow wp-block-column-is-layout-flow\">\n<figure class=\"wp-block-image size-full\"><a href=\"https:\/\/zug-bilder.de\/wp-content\/uploads\/2021\/11\/1000-A-OeBB-91-81-1116-190-0_210602_Assling.jpg\"><img loading=\"lazy\" decoding=\"async\" width=\"1000\" height=\"682\" src=\"https:\/\/zug-bilder.de\/wp-content\/uploads\/2021\/11\/1000-A-OeBB-91-81-1116-190-0_210602_Assling.jpg\" alt=\"\" class=\"wp-image-4862\" srcset=\"https:\/\/zug-bilder.de\/wp-content\/uploads\/2021\/11\/1000-A-OeBB-91-81-1116-190-0_210602_Assling.jpg 1000w, https:\/\/zug-bilder.de\/wp-content\/uploads\/2021\/11\/1000-A-OeBB-91-81-1116-190-0_210602_Assling-300x205.jpg 300w, https:\/\/zug-bilder.de\/wp-content\/uploads\/2021\/11\/1000-A-OeBB-91-81-1116-190-0_210602_Assling-768x524.jpg 768w\" sizes=\"auto, (max-width: 1000px) 100vw, 1000px\" \/><\/a><\/figure>\n<\/div>\n\n\n\n<div class=\"wp-block-column is-layout-flow wp-block-column-is-layout-flow\">\n<p class=\"has-light-gray-background-color has-background\"><span style=\"color: #333333;\"><strong>A-\u00d6BB 91 81 1116 190-0<br><\/strong>02.06.2021<br><\/span><img loading=\"lazy\" decoding=\"async\" width=\"33\" height=\"20\" class=\"wp-image-5706\" style=\"width: 33px;\" src=\"https:\/\/zug-bilder.de\/wp-content\/uploads\/2023\/04\/Flagge_Deutschland.jpg\" alt=\"\"> <span style=\"color: #333333;\">A\u00dfling (Oberbay)<\/span><\/p>\n<\/div>\n<\/div>\n\n\n\n<div class=\"wp-block-columns is-layout-flex wp-container-core-columns-is-layout-9d6595d7 wp-block-columns-is-layout-flex\">\n<div class=\"wp-block-column is-layout-flow wp-block-column-is-layout-flow\">\n<figure class=\"wp-block-image size-full\"><a href=\"https:\/\/zug-bilder.de\/wp-content\/uploads\/2025\/12\/1000-A-OeBB-91-81-1116-191-8_250612_Assling_EC217.jpg\"><img loading=\"lazy\" decoding=\"async\" width=\"1000\" height=\"667\" src=\"https:\/\/zug-bilder.de\/wp-content\/uploads\/2025\/12\/1000-A-OeBB-91-81-1116-191-8_250612_Assling_EC217.jpg\" alt=\"\" class=\"wp-image-7949\" srcset=\"https:\/\/zug-bilder.de\/wp-content\/uploads\/2025\/12\/1000-A-OeBB-91-81-1116-191-8_250612_Assling_EC217.jpg 1000w, https:\/\/zug-bilder.de\/wp-content\/uploads\/2025\/12\/1000-A-OeBB-91-81-1116-191-8_250612_Assling_EC217-300x200.jpg 300w, https:\/\/zug-bilder.de\/wp-content\/uploads\/2025\/12\/1000-A-OeBB-91-81-1116-191-8_250612_Assling_EC217-768x512.jpg 768w\" sizes=\"auto, (max-width: 1000px) 100vw, 1000px\" \/><\/a><\/figure>\n<\/div>\n\n\n\n<div class=\"wp-block-column is-layout-flow wp-block-column-is-layout-flow\">\n<p class=\"has-light-gray-background-color has-background\"><strong>A-\u00d6BB 91 81 1116 191-8<\/strong><br>12.06.2025<br><img loading=\"lazy\" decoding=\"async\" width=\"33\" height=\"20\" class=\"wp-image-5706\" style=\"width: 33px;\" src=\"https:\/\/zug-bilder.de\/wp-content\/uploads\/2023\/04\/Flagge_Deutschland.jpg\" alt=\"\"> A\u00dfling (Oberbay)<br><em>EC 217 &#8222;Dachstein&#8220;<br>Stuttgart Hbf &#8211; Graz Hbf<\/em><\/p>\n<\/div>\n<\/div>\n\n\n\n<div class=\"wp-block-columns is-layout-flex wp-container-core-columns-is-layout-9d6595d7 wp-block-columns-is-layout-flex\">\n<div class=\"wp-block-column is-layout-flow wp-block-column-is-layout-flow\">\n<figure class=\"wp-block-image size-full\"><a href=\"https:\/\/zug-bilder.de\/wp-content\/uploads\/2020\/02\/1000-A-\u00d6BB-91-81-1116-192-6_150404_Brenner.jpg\"><img loading=\"lazy\" decoding=\"async\" width=\"1000\" height=\"682\" src=\"https:\/\/zug-bilder.de\/wp-content\/uploads\/2020\/02\/1000-A-\u00d6BB-91-81-1116-192-6_150404_Brenner.jpg\" alt=\"\" class=\"wp-image-3623\" srcset=\"https:\/\/zug-bilder.de\/wp-content\/uploads\/2020\/02\/1000-A-\u00d6BB-91-81-1116-192-6_150404_Brenner.jpg 1000w, https:\/\/zug-bilder.de\/wp-content\/uploads\/2020\/02\/1000-A-\u00d6BB-91-81-1116-192-6_150404_Brenner-300x205.jpg 300w, https:\/\/zug-bilder.de\/wp-content\/uploads\/2020\/02\/1000-A-\u00d6BB-91-81-1116-192-6_150404_Brenner-768x524.jpg 768w\" sizes=\"auto, (max-width: 1000px) 100vw, 1000px\" \/><\/a><\/figure>\n<\/div>\n\n\n\n<div class=\"wp-block-column is-layout-flow wp-block-column-is-layout-flow\">\n<p class=\"has-light-gray-background-color has-background\"><span style=\"color: #333333;\"><strong>A-\u00d6BB 91 81 1116 192-6<br><\/strong>04.04.2015<br><\/span><img loading=\"lazy\" decoding=\"async\" width=\"30\" height=\"20\" class=\"wp-image-5709\" style=\"width: 30px;\" src=\"https:\/\/zug-bilder.de\/wp-content\/uploads\/2023\/04\/Flagge_Italien.jpg\" alt=\"\"> <span style=\"color: #333333;\">Brenner<\/span><br><span style=\"color: #333333;\">(Brennero)<\/span><\/p>\n<\/div>\n<\/div>\n\n\n\n<div class=\"wp-block-columns is-layout-flex wp-container-core-columns-is-layout-9d6595d7 wp-block-columns-is-layout-flex\">\n<div class=\"wp-block-column is-layout-flow wp-block-column-is-layout-flow\">\n<figure class=\"wp-block-image size-full\"><a href=\"https:\/\/zug-bilder.de\/wp-content\/uploads\/2018\/06\/1000-91-81-1116-195-9-A-\u00d6BB_180412_\u00dcbersee.jpg\"><img loading=\"lazy\" decoding=\"async\" width=\"1000\" height=\"682\" src=\"https:\/\/zug-bilder.de\/wp-content\/uploads\/2018\/06\/1000-91-81-1116-195-9-A-\u00d6BB_180412_\u00dcbersee.jpg\" alt=\"\" class=\"wp-image-434\" srcset=\"https:\/\/zug-bilder.de\/wp-content\/uploads\/2018\/06\/1000-91-81-1116-195-9-A-\u00d6BB_180412_\u00dcbersee.jpg 1000w, https:\/\/zug-bilder.de\/wp-content\/uploads\/2018\/06\/1000-91-81-1116-195-9-A-\u00d6BB_180412_\u00dcbersee-300x205.jpg 300w, https:\/\/zug-bilder.de\/wp-content\/uploads\/2018\/06\/1000-91-81-1116-195-9-A-\u00d6BB_180412_\u00dcbersee-768x524.jpg 768w\" sizes=\"auto, (max-width: 1000px) 100vw, 1000px\" \/><\/a><\/figure>\n<\/div>\n\n\n\n<div class=\"wp-block-column is-layout-flow wp-block-column-is-layout-flow\">\n<p class=\"has-light-gray-background-color has-background\"><span style=\"color: #333333;\"><span style=\"color: #333333;\"><span style=\"color: #333333;\"><strong>A-\u00d6BB 91 81 1116 195-9<br><\/strong>12.04.2018<br><\/span><\/span><\/span><img loading=\"lazy\" decoding=\"async\" width=\"33\" height=\"20\" class=\"wp-image-5706\" style=\"width: 33px;\" src=\"https:\/\/zug-bilder.de\/wp-content\/uploads\/2023\/04\/Flagge_Deutschland.jpg\" alt=\"\"> <span style=\"color: #333333;\"><span style=\"color: #333333;\"><span style=\"color: #333333;\">\u00dcbersee<\/span><\/span><\/span><\/p>\n<\/div>\n<\/div>\n\n\n\n<div class=\"wp-block-columns is-layout-flex wp-container-core-columns-is-layout-9d6595d7 wp-block-columns-is-layout-flex\">\n<div class=\"wp-block-column is-layout-flow wp-block-column-is-layout-flow\">\n<figure class=\"wp-block-image size-full\"><a href=\"https:\/\/zug-bilder.de\/wp-content\/uploads\/2021\/12\/1000-A-OeBB-91-81-1116-199-1_140613_WienWestbahnhof_D16637.jpg\"><img loading=\"lazy\" decoding=\"async\" width=\"1000\" height=\"682\" src=\"https:\/\/zug-bilder.de\/wp-content\/uploads\/2021\/12\/1000-A-OeBB-91-81-1116-199-1_140613_WienWestbahnhof_D16637.jpg\" alt=\"\" class=\"wp-image-4885\" srcset=\"https:\/\/zug-bilder.de\/wp-content\/uploads\/2021\/12\/1000-A-OeBB-91-81-1116-199-1_140613_WienWestbahnhof_D16637.jpg 1000w, https:\/\/zug-bilder.de\/wp-content\/uploads\/2021\/12\/1000-A-OeBB-91-81-1116-199-1_140613_WienWestbahnhof_D16637-300x205.jpg 300w, https:\/\/zug-bilder.de\/wp-content\/uploads\/2021\/12\/1000-A-OeBB-91-81-1116-199-1_140613_WienWestbahnhof_D16637-768x524.jpg 768w\" sizes=\"auto, (max-width: 1000px) 100vw, 1000px\" \/><\/a><\/figure>\n<\/div>\n\n\n\n<div class=\"wp-block-column is-layout-flow wp-block-column-is-layout-flow\">\n<p class=\"has-light-gray-background-color has-background\"><span style=\"color: #333333;\"><span style=\"color: #333333;\"><span style=\"color: #333333;\"><strong>A-\u00d6BB 91 81 1116 199-1<br><\/strong>13.06.2014<br><\/span><\/span><\/span><img loading=\"lazy\" decoding=\"async\" width=\"30\" height=\"20\" class=\"wp-image-5711\" style=\"width: 30px;\" src=\"https:\/\/zug-bilder.de\/wp-content\/uploads\/2023\/04\/Flagge_Oesterreich.jpg\" alt=\"\"> <span style=\"color: #333333;\"><span style=\"color: #333333;\"><span style=\"color: #333333;\">Wien Westbahnhof<br><em>D 16637 &#8222;Nova Rock&#8220;<\/em><br><em>Wien Westbahnhof &#8211;<\/em> <em>Nickelsdorf<\/em><\/span><\/span><\/span><\/p>\n<\/div>\n<\/div>\n\n\n\n<div class=\"wp-block-columns is-layout-flex wp-container-core-columns-is-layout-9d6595d7 wp-block-columns-is-layout-flex\">\n<div class=\"wp-block-column is-layout-flow wp-block-column-is-layout-flow\">\n<figure class=\"wp-block-image size-full\"><a href=\"https:\/\/zug-bilder.de\/wp-content\/uploads\/2018\/06\/1000-91-81-1116-201-5-A-\u00d6BB_150321_Stra\u00df_RJ260.jpg\"><img loading=\"lazy\" decoding=\"async\" width=\"1000\" height=\"682\" src=\"https:\/\/zug-bilder.de\/wp-content\/uploads\/2018\/06\/1000-91-81-1116-201-5-A-\u00d6BB_150321_Stra\u00df_RJ260.jpg\" alt=\"\" class=\"wp-image-436\" srcset=\"https:\/\/zug-bilder.de\/wp-content\/uploads\/2018\/06\/1000-91-81-1116-201-5-A-\u00d6BB_150321_Stra\u00df_RJ260.jpg 1000w, https:\/\/zug-bilder.de\/wp-content\/uploads\/2018\/06\/1000-91-81-1116-201-5-A-\u00d6BB_150321_Stra\u00df_RJ260-300x205.jpg 300w, https:\/\/zug-bilder.de\/wp-content\/uploads\/2018\/06\/1000-91-81-1116-201-5-A-\u00d6BB_150321_Stra\u00df_RJ260-768x524.jpg 768w\" sizes=\"auto, (max-width: 1000px) 100vw, 1000px\" \/><\/a><\/figure>\n<\/div>\n\n\n\n<div class=\"wp-block-column is-layout-flow wp-block-column-is-layout-flow\">\n<p class=\"has-light-gray-background-color has-background\"><span style=\"color: #333333;\"><strong>A-\u00d6BB 91 81 1116 201-5<br><\/strong>21.03.2015<br><\/span><img loading=\"lazy\" decoding=\"async\" width=\"33\" height=\"20\" class=\"wp-image-5706\" style=\"width: 33px;\" src=\"https:\/\/zug-bilder.de\/wp-content\/uploads\/2023\/04\/Flagge_Deutschland.jpg\" alt=\"\"> <span style=\"color: #333333;\">Stra\u00df (Ainring)<br><em>RJ 260<br>Wien Westbahnhof &#8211; M\u00fcnchen Hbf<\/em><\/span><\/p>\n<\/div>\n<\/div>\n\n\n\n<div class=\"wp-block-columns is-layout-flex wp-container-core-columns-is-layout-9d6595d7 wp-block-columns-is-layout-flex\">\n<div class=\"wp-block-column is-layout-flow wp-block-column-is-layout-flow\">\n<figure class=\"wp-block-image size-large\"><a href=\"https:\/\/zug-bilder.de\/wp-content\/uploads\/2020\/06\/A-\u00d6BB-91-81-1116-201-5_200602_\u00dcbersee_RJX162-RJX562-scaled.jpg\"><img loading=\"lazy\" decoding=\"async\" width=\"1024\" height=\"698\" src=\"https:\/\/zug-bilder.de\/wp-content\/uploads\/2020\/06\/A-\u00d6BB-91-81-1116-201-5_200602_\u00dcbersee_RJX162-RJX562-1024x698.jpg\" alt=\"\" class=\"wp-image-3960\" srcset=\"https:\/\/zug-bilder.de\/wp-content\/uploads\/2020\/06\/A-\u00d6BB-91-81-1116-201-5_200602_\u00dcbersee_RJX162-RJX562-1024x698.jpg 1024w, https:\/\/zug-bilder.de\/wp-content\/uploads\/2020\/06\/A-\u00d6BB-91-81-1116-201-5_200602_\u00dcbersee_RJX162-RJX562-300x204.jpg 300w, https:\/\/zug-bilder.de\/wp-content\/uploads\/2020\/06\/A-\u00d6BB-91-81-1116-201-5_200602_\u00dcbersee_RJX162-RJX562-768x523.jpg 768w, https:\/\/zug-bilder.de\/wp-content\/uploads\/2020\/06\/A-\u00d6BB-91-81-1116-201-5_200602_\u00dcbersee_RJX162-RJX562-1536x1047.jpg 1536w, https:\/\/zug-bilder.de\/wp-content\/uploads\/2020\/06\/A-\u00d6BB-91-81-1116-201-5_200602_\u00dcbersee_RJX162-RJX562-2048x1396.jpg 2048w\" sizes=\"auto, (max-width: 1024px) 100vw, 1024px\" \/><\/a><\/figure>\n<\/div>\n\n\n\n<div class=\"wp-block-column is-layout-flow wp-block-column-is-layout-flow\">\n<p class=\"has-light-gray-background-color has-background\"><span style=\"color: #333333;\"><strong>A-\u00d6BB 91 81 1116 201-5<br><\/strong>02.06.2020<br><\/span><img loading=\"lazy\" decoding=\"async\" width=\"33\" height=\"20\" class=\"wp-image-5706\" style=\"width: 33px;\" src=\"https:\/\/zug-bilder.de\/wp-content\/uploads\/2023\/04\/Flagge_Deutschland.jpg\" alt=\"\"> <span style=\"color: #333333;\">\u00dcbersee<br><em>RJX 162<\/em><br><em>Wien Hbf &#8211; Z\u00fcrich HB<\/em><br><em>RJX 562<\/em><br><em>Wien Hbf &#8211; Innsbruck Hbf<\/em><\/span><\/p>\n<\/div>\n<\/div>\n\n\n\n<div class=\"wp-block-columns is-layout-flex wp-container-core-columns-is-layout-9d6595d7 wp-block-columns-is-layout-flex\">\n<div class=\"wp-block-column is-layout-flow wp-block-column-is-layout-flow\">\n<figure class=\"wp-block-image size-full\"><a href=\"https:\/\/zug-bilder.de\/wp-content\/uploads\/2020\/06\/1000-91-81-1116-202-3-A-\u00d6BB_200602_\u00dcbersee_RJX60.jpg\"><img loading=\"lazy\" decoding=\"async\" width=\"1000\" height=\"682\" src=\"https:\/\/zug-bilder.de\/wp-content\/uploads\/2020\/06\/1000-91-81-1116-202-3-A-\u00d6BB_200602_\u00dcbersee_RJX60.jpg\" alt=\"\" class=\"wp-image-4038\" srcset=\"https:\/\/zug-bilder.de\/wp-content\/uploads\/2020\/06\/1000-91-81-1116-202-3-A-\u00d6BB_200602_\u00dcbersee_RJX60.jpg 1000w, https:\/\/zug-bilder.de\/wp-content\/uploads\/2020\/06\/1000-91-81-1116-202-3-A-\u00d6BB_200602_\u00dcbersee_RJX60-300x205.jpg 300w, https:\/\/zug-bilder.de\/wp-content\/uploads\/2020\/06\/1000-91-81-1116-202-3-A-\u00d6BB_200602_\u00dcbersee_RJX60-768x524.jpg 768w\" sizes=\"auto, (max-width: 1000px) 100vw, 1000px\" \/><\/a><\/figure>\n<\/div>\n\n\n\n<div class=\"wp-block-column is-layout-flow wp-block-column-is-layout-flow\">\n<p class=\"has-light-gray-background-color has-background\"><span style=\"color: #333333;\"><strong>A-\u00d6BB 91 81 1116 202-3<br><\/strong>02.06.2020<br><\/span><img loading=\"lazy\" decoding=\"async\" width=\"33\" height=\"20\" class=\"wp-image-5706\" style=\"width: 33px;\" src=\"https:\/\/zug-bilder.de\/wp-content\/uploads\/2023\/04\/Flagge_Deutschland.jpg\" alt=\"\"> <span style=\"color: #333333;\">\u00dcbersee<br><em>RJX 60<\/em><br><em>Wien Hbf &#8211; M\u00fcnchen Hbf<\/em><\/span><\/p>\n<\/div>\n<\/div>\n\n\n\n<div class=\"wp-block-columns is-layout-flex wp-container-core-columns-is-layout-9d6595d7 wp-block-columns-is-layout-flex\">\n<div class=\"wp-block-column is-layout-flow wp-block-column-is-layout-flow\">\n<figure class=\"wp-block-image size-full\"><a href=\"https:\/\/zug-bilder.de\/wp-content\/uploads\/2023\/11\/1000-A-OeBB-91-81-1116-206-4_231030_Traunstein_RJX160-RJX560.jpg\"><img loading=\"lazy\" decoding=\"async\" width=\"1000\" height=\"682\" src=\"https:\/\/zug-bilder.de\/wp-content\/uploads\/2023\/11\/1000-A-OeBB-91-81-1116-206-4_231030_Traunstein_RJX160-RJX560.jpg\" alt=\"\" class=\"wp-image-5879\" srcset=\"https:\/\/zug-bilder.de\/wp-content\/uploads\/2023\/11\/1000-A-OeBB-91-81-1116-206-4_231030_Traunstein_RJX160-RJX560.jpg 1000w, https:\/\/zug-bilder.de\/wp-content\/uploads\/2023\/11\/1000-A-OeBB-91-81-1116-206-4_231030_Traunstein_RJX160-RJX560-300x205.jpg 300w, https:\/\/zug-bilder.de\/wp-content\/uploads\/2023\/11\/1000-A-OeBB-91-81-1116-206-4_231030_Traunstein_RJX160-RJX560-768x524.jpg 768w\" sizes=\"auto, (max-width: 1000px) 100vw, 1000px\" \/><\/a><\/figure>\n<\/div>\n\n\n\n<div class=\"wp-block-column is-layout-flow wp-block-column-is-layout-flow\">\n<p class=\"has-light-gray-background-color has-background\"><span style=\"color: #333333;\"><strong>A-\u00d6BB 91 81 1116 206-4<br><\/strong>30.10.2023<br><\/span><img loading=\"lazy\" decoding=\"async\" width=\"33\" height=\"20\" class=\"wp-image-5706\" style=\"width: 33px;\" src=\"https:\/\/zug-bilder.de\/wp-content\/uploads\/2023\/04\/Flagge_Deutschland.jpg\" alt=\"\"> <span style=\"color: #333333;\">Traunstein<br><em>RJX 160<\/em><br><em>Bratislava hlavn\u00e1 stanica &#8211;<\/em> <em>\u00d6tztal<\/em><br><em>RJX 560<\/em><br><em>Flughafen Wien &#8211;<\/em> <em>Innsbruck Hbf<\/em><\/span><\/p>\n<\/div>\n<\/div>\n\n\n\n<div class=\"wp-block-columns is-layout-flex wp-container-core-columns-is-layout-9d6595d7 wp-block-columns-is-layout-flex\">\n<div class=\"wp-block-column is-layout-flow wp-block-column-is-layout-flow\">\n<figure class=\"wp-block-image size-full\"><a href=\"https:\/\/zug-bilder.de\/wp-content\/uploads\/2020\/06\/1000-A-\u00d6BB-91-81-1116-207-2_200602_\u00dcbersee_RJX867.jpg\"><img loading=\"lazy\" decoding=\"async\" width=\"1000\" height=\"682\" src=\"https:\/\/zug-bilder.de\/wp-content\/uploads\/2020\/06\/1000-A-\u00d6BB-91-81-1116-207-2_200602_\u00dcbersee_RJX867.jpg\" alt=\"\" class=\"wp-image-4051\" srcset=\"https:\/\/zug-bilder.de\/wp-content\/uploads\/2020\/06\/1000-A-\u00d6BB-91-81-1116-207-2_200602_\u00dcbersee_RJX867.jpg 1000w, https:\/\/zug-bilder.de\/wp-content\/uploads\/2020\/06\/1000-A-\u00d6BB-91-81-1116-207-2_200602_\u00dcbersee_RJX867-300x205.jpg 300w, https:\/\/zug-bilder.de\/wp-content\/uploads\/2020\/06\/1000-A-\u00d6BB-91-81-1116-207-2_200602_\u00dcbersee_RJX867-768x524.jpg 768w\" sizes=\"auto, (max-width: 1000px) 100vw, 1000px\" \/><\/a><\/figure>\n<\/div>\n\n\n\n<div class=\"wp-block-column is-layout-flow wp-block-column-is-layout-flow\">\n<p class=\"has-light-gray-background-color has-background\"><span style=\"color: #333333;\"><strong>A-\u00d6BB 91 81 1116 207-2<br><\/strong>02.06.2020<br><\/span><img loading=\"lazy\" decoding=\"async\" width=\"33\" height=\"20\" class=\"wp-image-5706\" style=\"width: 33px;\" src=\"https:\/\/zug-bilder.de\/wp-content\/uploads\/2023\/04\/Flagge_Deutschland.jpg\" alt=\"\"> <span style=\"color: #333333;\">\u00dcbersee<br><em>RJX 867<\/em><br><em>Bregenz &#8211;<\/em> <em>Flughafen Wien<\/em><\/span><\/p>\n<\/div>\n<\/div>\n\n\n\n<div class=\"wp-block-columns is-layout-flex wp-container-core-columns-is-layout-9d6595d7 wp-block-columns-is-layout-flex\">\n<div class=\"wp-block-column is-layout-flow wp-block-column-is-layout-flow\">\n<figure class=\"wp-block-image size-full\"><a href=\"https:\/\/zug-bilder.de\/wp-content\/uploads\/2026\/01\/1000-A-OeBB-91-81-1116-207-2_250612_Assling.jpg\"><img loading=\"lazy\" decoding=\"async\" width=\"1000\" height=\"667\" src=\"https:\/\/zug-bilder.de\/wp-content\/uploads\/2026\/01\/1000-A-OeBB-91-81-1116-207-2_250612_Assling.jpg\" alt=\"\" class=\"wp-image-8214\" srcset=\"https:\/\/zug-bilder.de\/wp-content\/uploads\/2026\/01\/1000-A-OeBB-91-81-1116-207-2_250612_Assling.jpg 1000w, https:\/\/zug-bilder.de\/wp-content\/uploads\/2026\/01\/1000-A-OeBB-91-81-1116-207-2_250612_Assling-300x200.jpg 300w, https:\/\/zug-bilder.de\/wp-content\/uploads\/2026\/01\/1000-A-OeBB-91-81-1116-207-2_250612_Assling-768x512.jpg 768w\" sizes=\"auto, (max-width: 1000px) 100vw, 1000px\" \/><\/a><\/figure>\n<\/div>\n\n\n\n<div class=\"wp-block-column is-layout-flow wp-block-column-is-layout-flow\">\n<p class=\"has-light-gray-background-color has-background\"><strong>A-\u00d6BB 91 81 1116 207-2<\/strong><br>12.06.2025<br><img loading=\"lazy\" decoding=\"async\" width=\"33\" height=\"20\" class=\"wp-image-5706\" style=\"width: 33px;\" src=\"https:\/\/zug-bilder.de\/wp-content\/uploads\/2023\/04\/Flagge_Deutschland.jpg\" alt=\"\"> A\u00dfling (Oberbay)<\/p>\n<\/div>\n<\/div>\n\n\n\n<div class=\"wp-block-columns is-layout-flex wp-container-core-columns-is-layout-9d6595d7 wp-block-columns-is-layout-flex\">\n<div class=\"wp-block-column is-layout-flow wp-block-column-is-layout-flow\">\n<figure class=\"wp-block-image size-full\"><a href=\"https:\/\/zug-bilder.de\/wp-content\/uploads\/2019\/11\/1000-91-81-1116-208-0-A-\u00d6BB_140321_M\u00fcnchenHbf_RJ66.jpg\"><img loading=\"lazy\" decoding=\"async\" width=\"1000\" height=\"682\" src=\"https:\/\/zug-bilder.de\/wp-content\/uploads\/2019\/11\/1000-91-81-1116-208-0-A-\u00d6BB_140321_M\u00fcnchenHbf_RJ66.jpg\" alt=\"\" class=\"wp-image-2668\" srcset=\"https:\/\/zug-bilder.de\/wp-content\/uploads\/2019\/11\/1000-91-81-1116-208-0-A-\u00d6BB_140321_M\u00fcnchenHbf_RJ66.jpg 1000w, https:\/\/zug-bilder.de\/wp-content\/uploads\/2019\/11\/1000-91-81-1116-208-0-A-\u00d6BB_140321_M\u00fcnchenHbf_RJ66-300x205.jpg 300w, https:\/\/zug-bilder.de\/wp-content\/uploads\/2019\/11\/1000-91-81-1116-208-0-A-\u00d6BB_140321_M\u00fcnchenHbf_RJ66-768x524.jpg 768w\" sizes=\"auto, (max-width: 1000px) 100vw, 1000px\" \/><\/a><\/figure>\n<\/div>\n\n\n\n<div class=\"wp-block-column is-layout-flow wp-block-column-is-layout-flow\">\n<p class=\"has-light-gray-background-color has-background\"><span style=\"color: #333333;\"><strong>A-\u00d6BB 91 81 1116 208-0<br><\/strong>21.03.2014<br><\/span><img loading=\"lazy\" decoding=\"async\" width=\"33\" height=\"20\" class=\"wp-image-5706\" style=\"width: 33px;\" src=\"https:\/\/zug-bilder.de\/wp-content\/uploads\/2023\/04\/Flagge_Deutschland.jpg\" alt=\"\"> <span style=\"color: #333333;\">M\u00fcnchen Hbf<br><em>RJ 66<\/em><br><em>Budapest Keleti p\u00e1lyaudvar &#8211;<\/em> <em>Frankfurt (Main) Hbf<\/em><\/span><\/p>\n<\/div>\n<\/div>\n\n\n\n<div class=\"wp-block-columns is-layout-flex wp-container-core-columns-is-layout-9d6595d7 wp-block-columns-is-layout-flex\">\n<div class=\"wp-block-column is-layout-flow wp-block-column-is-layout-flow\">\n<figure class=\"wp-block-image size-full\"><a href=\"https:\/\/zug-bilder.de\/wp-content\/uploads\/2019\/12\/1000-91-81-1116-208-0-A-\u00d6BB_140627_Gronsdorf_RJ69.jpg\"><img loading=\"lazy\" decoding=\"async\" width=\"1000\" height=\"682\" src=\"https:\/\/zug-bilder.de\/wp-content\/uploads\/2019\/12\/1000-91-81-1116-208-0-A-\u00d6BB_140627_Gronsdorf_RJ69.jpg\" alt=\"\" class=\"wp-image-2800\" srcset=\"https:\/\/zug-bilder.de\/wp-content\/uploads\/2019\/12\/1000-91-81-1116-208-0-A-\u00d6BB_140627_Gronsdorf_RJ69.jpg 1000w, https:\/\/zug-bilder.de\/wp-content\/uploads\/2019\/12\/1000-91-81-1116-208-0-A-\u00d6BB_140627_Gronsdorf_RJ69-300x205.jpg 300w, https:\/\/zug-bilder.de\/wp-content\/uploads\/2019\/12\/1000-91-81-1116-208-0-A-\u00d6BB_140627_Gronsdorf_RJ69-768x524.jpg 768w\" sizes=\"auto, (max-width: 1000px) 100vw, 1000px\" \/><\/a><\/figure>\n<\/div>\n\n\n\n<div class=\"wp-block-column is-layout-flow wp-block-column-is-layout-flow\">\n<p class=\"has-light-gray-background-color has-background\"><span style=\"color: #333333;\"><strong>A-\u00d6BB 91 81 1116 208-0<br><\/strong>27.06.2014<br><\/span><img loading=\"lazy\" decoding=\"async\" width=\"33\" height=\"20\" class=\"wp-image-5706\" style=\"width: 33px;\" src=\"https:\/\/zug-bilder.de\/wp-content\/uploads\/2023\/04\/Flagge_Deutschland.jpg\" alt=\"\"> <span style=\"color: #333333;\">Gronsdorf<br><em>RJ 69<\/em><br><em>M\u00fcnchen Hbf &#8211;<\/em> <em>Wien Westbahnhof<\/em><\/span><\/p>\n<\/div>\n<\/div>\n\n\n\n<div class=\"wp-block-columns is-layout-flex wp-container-core-columns-is-layout-9d6595d7 wp-block-columns-is-layout-flex\">\n<div class=\"wp-block-column is-layout-flow wp-block-column-is-layout-flow\">\n<figure class=\"wp-block-image size-full\"><a href=\"https:\/\/zug-bilder.de\/wp-content\/uploads\/2018\/06\/1000-A-\u00d6BB-91-81-1116-208-0_180412_\u00dcbersee_RJ60.jpg\"><img loading=\"lazy\" decoding=\"async\" width=\"1000\" height=\"682\" src=\"https:\/\/zug-bilder.de\/wp-content\/uploads\/2018\/06\/1000-A-\u00d6BB-91-81-1116-208-0_180412_\u00dcbersee_RJ60.jpg\" alt=\"\" class=\"wp-image-506\" srcset=\"https:\/\/zug-bilder.de\/wp-content\/uploads\/2018\/06\/1000-A-\u00d6BB-91-81-1116-208-0_180412_\u00dcbersee_RJ60.jpg 1000w, https:\/\/zug-bilder.de\/wp-content\/uploads\/2018\/06\/1000-A-\u00d6BB-91-81-1116-208-0_180412_\u00dcbersee_RJ60-300x205.jpg 300w, https:\/\/zug-bilder.de\/wp-content\/uploads\/2018\/06\/1000-A-\u00d6BB-91-81-1116-208-0_180412_\u00dcbersee_RJ60-768x524.jpg 768w\" sizes=\"auto, (max-width: 1000px) 100vw, 1000px\" \/><\/a><\/figure>\n<\/div>\n\n\n\n<div class=\"wp-block-column is-layout-flow wp-block-column-is-layout-flow\">\n<p class=\"has-light-gray-background-color has-background\"><span style=\"color: #333333;\"><strong>A-\u00d6BB 91 81 1116 208-0<br><\/strong>12.04.2018<br><\/span><img loading=\"lazy\" decoding=\"async\" width=\"33\" height=\"20\" class=\"wp-image-5706\" style=\"width: 33px;\" src=\"https:\/\/zug-bilder.de\/wp-content\/uploads\/2023\/04\/Flagge_Deutschland.jpg\" alt=\"\"> <span style=\"color: #333333;\">\u00dcbersee<br><em>RJ 60<br>Budapest Keleti p\u00e1lyaudvar &#8211; M\u00fcnchen Hbf<\/em><\/span><\/p>\n<\/div>\n<\/div>\n\n\n\n<div class=\"wp-block-columns is-layout-flex wp-container-core-columns-is-layout-9d6595d7 wp-block-columns-is-layout-flex\">\n<div class=\"wp-block-column is-layout-flow wp-block-column-is-layout-flow\">\n<figure class=\"wp-block-image size-full\"><a href=\"https:\/\/zug-bilder.de\/wp-content\/uploads\/2020\/06\/1000-91-81-1116-209-8-A-\u00d6BB_200602_\u00dcbersee_RJX860.jpg\"><img loading=\"lazy\" decoding=\"async\" width=\"1000\" height=\"682\" src=\"https:\/\/zug-bilder.de\/wp-content\/uploads\/2020\/06\/1000-91-81-1116-209-8-A-\u00d6BB_200602_\u00dcbersee_RJX860.jpg\" alt=\"\" class=\"wp-image-4036\" srcset=\"https:\/\/zug-bilder.de\/wp-content\/uploads\/2020\/06\/1000-91-81-1116-209-8-A-\u00d6BB_200602_\u00dcbersee_RJX860.jpg 1000w, https:\/\/zug-bilder.de\/wp-content\/uploads\/2020\/06\/1000-91-81-1116-209-8-A-\u00d6BB_200602_\u00dcbersee_RJX860-300x205.jpg 300w, https:\/\/zug-bilder.de\/wp-content\/uploads\/2020\/06\/1000-91-81-1116-209-8-A-\u00d6BB_200602_\u00dcbersee_RJX860-768x524.jpg 768w\" sizes=\"auto, (max-width: 1000px) 100vw, 1000px\" \/><\/a><\/figure>\n<\/div>\n\n\n\n<div class=\"wp-block-column is-layout-flow wp-block-column-is-layout-flow\">\n<p class=\"has-light-gray-background-color has-background\"><span style=\"color: #333333;\"><strong>A-\u00d6BB 91 81 1116 209-8<br><\/strong>02.06.2020<br><\/span><img loading=\"lazy\" decoding=\"async\" width=\"33\" height=\"20\" class=\"wp-image-5706\" style=\"width: 33px;\" src=\"https:\/\/zug-bilder.de\/wp-content\/uploads\/2023\/04\/Flagge_Deutschland.jpg\" alt=\"\"> <span style=\"color: #333333;\">\u00dcbersee<br><em>RJX 860<\/em><br><em>Flughafen Wien &#8211; Bregenz<\/em><\/span><\/p>\n<\/div>\n<\/div>\n\n\n\n<div class=\"wp-block-columns is-layout-flex wp-container-core-columns-is-layout-9d6595d7 wp-block-columns-is-layout-flex\">\n<div class=\"wp-block-column is-layout-flow wp-block-column-is-layout-flow\">\n<figure class=\"wp-block-image size-full\"><a href=\"https:\/\/zug-bilder.de\/wp-content\/uploads\/2019\/11\/1000-91-81-1116-211-4-A-\u00d6BB_190812_M\u00fcnchenHbf_RJX67.jpg\"><img loading=\"lazy\" decoding=\"async\" width=\"1000\" height=\"682\" src=\"https:\/\/zug-bilder.de\/wp-content\/uploads\/2019\/11\/1000-91-81-1116-211-4-A-\u00d6BB_190812_M\u00fcnchenHbf_RJX67.jpg\" alt=\"\" class=\"wp-image-2514\" srcset=\"https:\/\/zug-bilder.de\/wp-content\/uploads\/2019\/11\/1000-91-81-1116-211-4-A-\u00d6BB_190812_M\u00fcnchenHbf_RJX67.jpg 1000w, https:\/\/zug-bilder.de\/wp-content\/uploads\/2019\/11\/1000-91-81-1116-211-4-A-\u00d6BB_190812_M\u00fcnchenHbf_RJX67-300x205.jpg 300w, https:\/\/zug-bilder.de\/wp-content\/uploads\/2019\/11\/1000-91-81-1116-211-4-A-\u00d6BB_190812_M\u00fcnchenHbf_RJX67-768x524.jpg 768w\" sizes=\"auto, (max-width: 1000px) 100vw, 1000px\" \/><\/a><\/figure>\n<\/div>\n\n\n\n<div class=\"wp-block-column is-layout-flow wp-block-column-is-layout-flow\">\n<p class=\"has-light-gray-background-color has-background\"><span style=\"color: #333333;\"><strong>A-\u00d6BB 91 81 1116 211-4<br><\/strong>12.08.2019<br><\/span><img loading=\"lazy\" decoding=\"async\" width=\"33\" height=\"20\" class=\"wp-image-5706\" style=\"width: 33px;\" src=\"https:\/\/zug-bilder.de\/wp-content\/uploads\/2023\/04\/Flagge_Deutschland.jpg\" alt=\"\"> <span style=\"color: #333333;\">M\u00fcnchen Hbf<br><em>RJX 67 (bis Hegyeshalom)<\/em><br><em>RJ 67 (ab Hegyeshalom)<\/em><br><em>M\u00fcnchen Hbf &#8211;<\/em> <em>Budapest Keleti p\u00e1lyaudvar<\/em><\/span><\/p>\n<\/div>\n<\/div>\n\n\n\n<div class=\"wp-block-columns is-layout-flex wp-container-core-columns-is-layout-9d6595d7 wp-block-columns-is-layout-flex\">\n<div class=\"wp-block-column is-layout-flow wp-block-column-is-layout-flow\">\n<figure class=\"wp-block-image size-full\"><a href=\"https:\/\/zug-bilder.de\/wp-content\/uploads\/2018\/06\/1000-91-81-1116-212-2-A-\u00d6BB_160716_M\u00fcnchenHbf_RJ67.jpg\"><img loading=\"lazy\" decoding=\"async\" width=\"1000\" height=\"682\" src=\"https:\/\/zug-bilder.de\/wp-content\/uploads\/2018\/06\/1000-91-81-1116-212-2-A-\u00d6BB_160716_M\u00fcnchenHbf_RJ67.jpg\" alt=\"\" class=\"wp-image-438\" srcset=\"https:\/\/zug-bilder.de\/wp-content\/uploads\/2018\/06\/1000-91-81-1116-212-2-A-\u00d6BB_160716_M\u00fcnchenHbf_RJ67.jpg 1000w, https:\/\/zug-bilder.de\/wp-content\/uploads\/2018\/06\/1000-91-81-1116-212-2-A-\u00d6BB_160716_M\u00fcnchenHbf_RJ67-300x205.jpg 300w, https:\/\/zug-bilder.de\/wp-content\/uploads\/2018\/06\/1000-91-81-1116-212-2-A-\u00d6BB_160716_M\u00fcnchenHbf_RJ67-768x524.jpg 768w\" sizes=\"auto, (max-width: 1000px) 100vw, 1000px\" \/><\/a><\/figure>\n<\/div>\n\n\n\n<div class=\"wp-block-column is-layout-flow wp-block-column-is-layout-flow\">\n<p class=\"has-light-gray-background-color has-background\"><span style=\"color: #333333;\"><strong>A-\u00d6BB 91 81 1116 212-2<br><\/strong>16.07.2016<br><\/span><img loading=\"lazy\" decoding=\"async\" width=\"33\" height=\"20\" class=\"wp-image-5706\" style=\"width: 33px;\" src=\"https:\/\/zug-bilder.de\/wp-content\/uploads\/2023\/04\/Flagge_Deutschland.jpg\" alt=\"\"> <span style=\"color: #333333;\">M\u00fcnchen Hbf<br><em>RJ 67<br>M\u00fcnchen Hbf &#8211; Budapest Keleti p\u00e1lyaudvar<\/em><\/span><\/p>\n<\/div>\n<\/div>\n\n\n\n<div class=\"wp-block-columns is-layout-flex wp-container-core-columns-is-layout-9d6595d7 wp-block-columns-is-layout-flex\">\n<div class=\"wp-block-column is-layout-flow wp-block-column-is-layout-flow\">\n<figure class=\"wp-block-image size-full\"><a href=\"https:\/\/zug-bilder.de\/wp-content\/uploads\/2018\/06\/1000-91-81-1116-214-8-A-\u00d6BB_160518_M\u00fcnchenHeimeranplatz_RJ69.jpg\"><img loading=\"lazy\" decoding=\"async\" width=\"1000\" height=\"682\" src=\"https:\/\/zug-bilder.de\/wp-content\/uploads\/2018\/06\/1000-91-81-1116-214-8-A-\u00d6BB_160518_M\u00fcnchenHeimeranplatz_RJ69.jpg\" alt=\"\" class=\"wp-image-441\" srcset=\"https:\/\/zug-bilder.de\/wp-content\/uploads\/2018\/06\/1000-91-81-1116-214-8-A-\u00d6BB_160518_M\u00fcnchenHeimeranplatz_RJ69.jpg 1000w, https:\/\/zug-bilder.de\/wp-content\/uploads\/2018\/06\/1000-91-81-1116-214-8-A-\u00d6BB_160518_M\u00fcnchenHeimeranplatz_RJ69-300x205.jpg 300w, https:\/\/zug-bilder.de\/wp-content\/uploads\/2018\/06\/1000-91-81-1116-214-8-A-\u00d6BB_160518_M\u00fcnchenHeimeranplatz_RJ69-768x524.jpg 768w\" sizes=\"auto, (max-width: 1000px) 100vw, 1000px\" \/><\/a><\/figure>\n<\/div>\n\n\n\n<div class=\"wp-block-column is-layout-flow wp-block-column-is-layout-flow\">\n<p class=\"has-light-gray-background-color has-background\"><span style=\"color: #333333;\"><strong>A-\u00d6BB 91 81 1116 214-8<br><\/strong>18.05.2016<br><\/span><img loading=\"lazy\" decoding=\"async\" width=\"33\" height=\"20\" class=\"wp-image-5706\" style=\"width: 33px;\" src=\"https:\/\/zug-bilder.de\/wp-content\/uploads\/2023\/04\/Flagge_Deutschland.jpg\" alt=\"\"> <span style=\"color: #333333;\">M\u00fcnchen Heimeranplatz<br><em>RJ 69<br>M\u00fcnchen Hbf &#8211; Wien Hbf<\/em><\/span><\/p>\n<\/div>\n<\/div>\n\n\n\n<div class=\"wp-block-columns is-layout-flex wp-container-core-columns-is-layout-9d6595d7 wp-block-columns-is-layout-flex\">\n<div class=\"wp-block-column is-layout-flow wp-block-column-is-layout-flow\">\n<figure class=\"wp-block-image size-full\"><a href=\"https:\/\/zug-bilder.de\/wp-content\/uploads\/2018\/06\/1000-91-81-1116-216-3-A-\u00d6BB_180412_\u00dcbersee_RJ860.jpg\"><img loading=\"lazy\" decoding=\"async\" width=\"1000\" height=\"682\" src=\"https:\/\/zug-bilder.de\/wp-content\/uploads\/2018\/06\/1000-91-81-1116-216-3-A-\u00d6BB_180412_\u00dcbersee_RJ860.jpg\" alt=\"\" class=\"wp-image-443\" srcset=\"https:\/\/zug-bilder.de\/wp-content\/uploads\/2018\/06\/1000-91-81-1116-216-3-A-\u00d6BB_180412_\u00dcbersee_RJ860.jpg 1000w, https:\/\/zug-bilder.de\/wp-content\/uploads\/2018\/06\/1000-91-81-1116-216-3-A-\u00d6BB_180412_\u00dcbersee_RJ860-300x205.jpg 300w, https:\/\/zug-bilder.de\/wp-content\/uploads\/2018\/06\/1000-91-81-1116-216-3-A-\u00d6BB_180412_\u00dcbersee_RJ860-768x524.jpg 768w\" sizes=\"auto, (max-width: 1000px) 100vw, 1000px\" \/><\/a><\/figure>\n<\/div>\n\n\n\n<div class=\"wp-block-column is-layout-flow wp-block-column-is-layout-flow\">\n<p class=\"has-light-gray-background-color has-background\"><span style=\"color: #333333;\"><strong>A-\u00d6BB 91 81 1116 216-3<br><\/strong>12.04.2018<br><\/span><img loading=\"lazy\" decoding=\"async\" width=\"33\" height=\"20\" class=\"wp-image-5706\" style=\"width: 33px;\" src=\"https:\/\/zug-bilder.de\/wp-content\/uploads\/2023\/04\/Flagge_Deutschland.jpg\" alt=\"\"> <span style=\"color: #333333;\">\u00dcbersee<br><em>RJ 860<br>Flughafen Wien &#8211; Bregenz<\/em><\/span><\/p>\n<\/div>\n<\/div>\n\n\n\n<div class=\"wp-block-columns is-layout-flex wp-container-core-columns-is-layout-9d6595d7 wp-block-columns-is-layout-flex\">\n<div class=\"wp-block-column is-layout-flow wp-block-column-is-layout-flow\">\n<figure class=\"wp-block-image size-full\"><a href=\"https:\/\/zug-bilder.de\/wp-content\/uploads\/2021\/06\/1000-91-81-1116-216-3-A-OeBB_210602_Uebersee_RJX60.jpg\"><img loading=\"lazy\" decoding=\"async\" width=\"1000\" height=\"682\" src=\"https:\/\/zug-bilder.de\/wp-content\/uploads\/2021\/06\/1000-91-81-1116-216-3-A-OeBB_210602_Uebersee_RJX60.jpg\" alt=\"\" class=\"wp-image-4624\" srcset=\"https:\/\/zug-bilder.de\/wp-content\/uploads\/2021\/06\/1000-91-81-1116-216-3-A-OeBB_210602_Uebersee_RJX60.jpg 1000w, https:\/\/zug-bilder.de\/wp-content\/uploads\/2021\/06\/1000-91-81-1116-216-3-A-OeBB_210602_Uebersee_RJX60-300x205.jpg 300w, https:\/\/zug-bilder.de\/wp-content\/uploads\/2021\/06\/1000-91-81-1116-216-3-A-OeBB_210602_Uebersee_RJX60-768x524.jpg 768w\" sizes=\"auto, (max-width: 1000px) 100vw, 1000px\" \/><\/a><\/figure>\n<\/div>\n\n\n\n<div class=\"wp-block-column is-layout-flow wp-block-column-is-layout-flow\">\n<p class=\"has-light-gray-background-color has-background\"><span style=\"color: #333333;\"><strong>A-\u00d6BB 91 81 1116 216-3<br><\/strong>02.06.2021<br><\/span><img loading=\"lazy\" decoding=\"async\" width=\"33\" height=\"20\" class=\"wp-image-5706\" style=\"width: 33px;\" src=\"https:\/\/zug-bilder.de\/wp-content\/uploads\/2023\/04\/Flagge_Deutschland.jpg\" alt=\"\"> <span style=\"color: #333333;\">\u00dcbersee<br><em>RJ 60 (bis Hegyeshalom)<br>RJX 60 (ab Hegyeshalom)<\/em><br><em><span style=\"color: #333333;\"><em>Budapest Keleti p\u00e1lyaudvar<\/em><\/span> &#8211;<\/em> <em>M\u00fcnchen Hbf<\/em><\/span><\/p>\n<\/div>\n<\/div>\n\n\n\n<div class=\"wp-block-columns is-layout-flex wp-container-core-columns-is-layout-9d6595d7 wp-block-columns-is-layout-flex\">\n<div class=\"wp-block-column is-layout-flow wp-block-column-is-layout-flow\">\n<figure class=\"wp-block-image size-full\"><a href=\"https:\/\/zug-bilder.de\/wp-content\/uploads\/2018\/06\/1000-91-81-1116-218-9-A-\u00d6BB_180425_\u00dcbersee_RJ162-562.jpg\"><img loading=\"lazy\" decoding=\"async\" width=\"1000\" height=\"682\" src=\"https:\/\/zug-bilder.de\/wp-content\/uploads\/2018\/06\/1000-91-81-1116-218-9-A-\u00d6BB_180425_\u00dcbersee_RJ162-562.jpg\" alt=\"\" class=\"wp-image-501\" srcset=\"https:\/\/zug-bilder.de\/wp-content\/uploads\/2018\/06\/1000-91-81-1116-218-9-A-\u00d6BB_180425_\u00dcbersee_RJ162-562.jpg 1000w, https:\/\/zug-bilder.de\/wp-content\/uploads\/2018\/06\/1000-91-81-1116-218-9-A-\u00d6BB_180425_\u00dcbersee_RJ162-562-300x205.jpg 300w, https:\/\/zug-bilder.de\/wp-content\/uploads\/2018\/06\/1000-91-81-1116-218-9-A-\u00d6BB_180425_\u00dcbersee_RJ162-562-768x524.jpg 768w\" sizes=\"auto, (max-width: 1000px) 100vw, 1000px\" \/><\/a><\/figure>\n<\/div>\n\n\n\n<div class=\"wp-block-column is-layout-flow wp-block-column-is-layout-flow\">\n<p class=\"has-light-gray-background-color has-background\"><span style=\"color: #333333;\"><strong>A-\u00d6BB 91 81 1116 218-9<br><\/strong>25.04.2018<br><\/span><img loading=\"lazy\" decoding=\"async\" width=\"33\" height=\"20\" class=\"wp-image-5706\" style=\"width: 33px;\" src=\"https:\/\/zug-bilder.de\/wp-content\/uploads\/2023\/04\/Flagge_Deutschland.jpg\" alt=\"\"> <span style=\"color: #333333;\">\u00dcbersee<br><em>RJ 162<br>Budapest Keleti p\u00e1lyaudvar &#8211; Z\u00fcrich HB<br>RJ 562<br>Flughafen Wien &#8211; Innsbruck Hbf<\/em><\/span><\/p>\n<\/div>\n<\/div>\n\n\n\n<div class=\"wp-block-columns is-layout-flex wp-container-core-columns-is-layout-9d6595d7 wp-block-columns-is-layout-flex\">\n<div class=\"wp-block-column is-layout-flow wp-block-column-is-layout-flow\">\n<figure class=\"wp-block-image size-full\"><a href=\"https:\/\/zug-bilder.de\/wp-content\/uploads\/2024\/12\/1000-A-OeBB-91-81-1116-221-3_241026_MuenchenHbf_RJX261.jpg\"><img loading=\"lazy\" decoding=\"async\" width=\"1000\" height=\"667\" src=\"https:\/\/zug-bilder.de\/wp-content\/uploads\/2024\/12\/1000-A-OeBB-91-81-1116-221-3_241026_MuenchenHbf_RJX261.jpg\" alt=\"\" class=\"wp-image-7155\" srcset=\"https:\/\/zug-bilder.de\/wp-content\/uploads\/2024\/12\/1000-A-OeBB-91-81-1116-221-3_241026_MuenchenHbf_RJX261.jpg 1000w, https:\/\/zug-bilder.de\/wp-content\/uploads\/2024\/12\/1000-A-OeBB-91-81-1116-221-3_241026_MuenchenHbf_RJX261-300x200.jpg 300w, https:\/\/zug-bilder.de\/wp-content\/uploads\/2024\/12\/1000-A-OeBB-91-81-1116-221-3_241026_MuenchenHbf_RJX261-768x512.jpg 768w\" sizes=\"auto, (max-width: 1000px) 100vw, 1000px\" \/><\/a><\/figure>\n<\/div>\n\n\n\n<div class=\"wp-block-column is-layout-flow wp-block-column-is-layout-flow\">\n<p class=\"has-light-gray-background-color has-background\"><strong>A-\u00d6BB 91 81 1116 221-3<\/strong><br>26.10.2024<br><img loading=\"lazy\" decoding=\"async\" width=\"33\" height=\"20\" class=\"wp-image-5706\" style=\"width: 33px;\" src=\"https:\/\/zug-bilder.de\/wp-content\/uploads\/2023\/04\/Flagge_Deutschland.jpg\" alt=\"\"> M\u00fcnchen Hbf<br>RJX 261<br>M\u00fcnchen Hbf &#8211; Wien Hbf<\/p>\n<\/div>\n<\/div>\n\n\n\n<div class=\"wp-block-columns is-layout-flex wp-container-core-columns-is-layout-9d6595d7 wp-block-columns-is-layout-flex\">\n<div class=\"wp-block-column is-layout-flow wp-block-column-is-layout-flow\">\n<figure class=\"wp-block-image size-full\"><a href=\"https:\/\/zug-bilder.de\/wp-content\/uploads\/2018\/06\/1000-91-81-1116-223-9-A-\u00d6BB_170613_M\u00fcnchenHbf_RJ261.jpg\"><img loading=\"lazy\" decoding=\"async\" width=\"1000\" height=\"682\" src=\"https:\/\/zug-bilder.de\/wp-content\/uploads\/2018\/06\/1000-91-81-1116-223-9-A-\u00d6BB_170613_M\u00fcnchenHbf_RJ261.jpg\" alt=\"\" class=\"wp-image-445\" srcset=\"https:\/\/zug-bilder.de\/wp-content\/uploads\/2018\/06\/1000-91-81-1116-223-9-A-\u00d6BB_170613_M\u00fcnchenHbf_RJ261.jpg 1000w, https:\/\/zug-bilder.de\/wp-content\/uploads\/2018\/06\/1000-91-81-1116-223-9-A-\u00d6BB_170613_M\u00fcnchenHbf_RJ261-300x205.jpg 300w, https:\/\/zug-bilder.de\/wp-content\/uploads\/2018\/06\/1000-91-81-1116-223-9-A-\u00d6BB_170613_M\u00fcnchenHbf_RJ261-768x524.jpg 768w\" sizes=\"auto, (max-width: 1000px) 100vw, 1000px\" \/><\/a><\/figure>\n<\/div>\n\n\n\n<div class=\"wp-block-column is-layout-flow wp-block-column-is-layout-flow\">\n<p class=\"has-light-gray-background-color has-background\"><span style=\"color: #333333;\"><strong>A-\u00d6BB 91 81 1116 223-9<br><\/strong>13.06.2017<br><\/span><img loading=\"lazy\" decoding=\"async\" width=\"33\" height=\"20\" class=\"wp-image-5706\" style=\"width: 33px;\" src=\"https:\/\/zug-bilder.de\/wp-content\/uploads\/2023\/04\/Flagge_Deutschland.jpg\" alt=\"\"> <span style=\"color: #333333;\">M\u00fcnchen Hbf<br><em>RJ 261<br>M\u00fcnchen Hbf &#8211; Wien Hbf<\/em><\/span><\/p>\n<\/div>\n<\/div>\n\n\n\n<div class=\"wp-block-columns is-layout-flex wp-container-core-columns-is-layout-9d6595d7 wp-block-columns-is-layout-flex\">\n<div class=\"wp-block-column is-layout-flow wp-block-column-is-layout-flow\">\n<figure class=\"wp-block-image size-full\"><a href=\"https:\/\/zug-bilder.de\/wp-content\/uploads\/2024\/06\/1000-A-OeBB-91-81-1116-226-2_240529_WienOberlaa.jpg\"><img loading=\"lazy\" decoding=\"async\" width=\"1000\" height=\"682\" src=\"https:\/\/zug-bilder.de\/wp-content\/uploads\/2024\/06\/1000-A-OeBB-91-81-1116-226-2_240529_WienOberlaa.jpg\" alt=\"\" class=\"wp-image-6636\" srcset=\"https:\/\/zug-bilder.de\/wp-content\/uploads\/2024\/06\/1000-A-OeBB-91-81-1116-226-2_240529_WienOberlaa.jpg 1000w, https:\/\/zug-bilder.de\/wp-content\/uploads\/2024\/06\/1000-A-OeBB-91-81-1116-226-2_240529_WienOberlaa-300x205.jpg 300w, https:\/\/zug-bilder.de\/wp-content\/uploads\/2024\/06\/1000-A-OeBB-91-81-1116-226-2_240529_WienOberlaa-768x524.jpg 768w\" sizes=\"auto, (max-width: 1000px) 100vw, 1000px\" \/><\/a><\/figure>\n<\/div>\n\n\n\n<div class=\"wp-block-column is-layout-flow wp-block-column-is-layout-flow\">\n<p class=\"has-light-gray-background-color has-background\"><strong>A-\u00d6BB 91 81 1116 226-2<\/strong><br>29.05.2024<br><img loading=\"lazy\" decoding=\"async\" width=\"30\" height=\"20\" class=\"wp-image-5711\" style=\"width: 30px;\" src=\"https:\/\/zug-bilder.de\/wp-content\/uploads\/2023\/04\/Flagge_Oesterreich.jpg\" alt=\"\"> Wien Oberlaa<\/p>\n<\/div>\n<\/div>\n\n\n\n<div class=\"wp-block-columns is-layout-flex wp-container-core-columns-is-layout-9d6595d7 wp-block-columns-is-layout-flex\">\n<div class=\"wp-block-column is-layout-flow wp-block-column-is-layout-flow\">\n<figure class=\"wp-block-image size-full\"><a href=\"https:\/\/zug-bilder.de\/wp-content\/uploads\/2018\/11\/1000-A-\u00d6BB-91-81-1116-230-4_180412_\u00dcbersee_RJ563.jpg\"><img loading=\"lazy\" decoding=\"async\" width=\"1000\" height=\"682\" src=\"https:\/\/zug-bilder.de\/wp-content\/uploads\/2018\/11\/1000-A-\u00d6BB-91-81-1116-230-4_180412_\u00dcbersee_RJ563.jpg\" alt=\"\" class=\"wp-image-1026\" srcset=\"https:\/\/zug-bilder.de\/wp-content\/uploads\/2018\/11\/1000-A-\u00d6BB-91-81-1116-230-4_180412_\u00dcbersee_RJ563.jpg 1000w, https:\/\/zug-bilder.de\/wp-content\/uploads\/2018\/11\/1000-A-\u00d6BB-91-81-1116-230-4_180412_\u00dcbersee_RJ563-300x205.jpg 300w, https:\/\/zug-bilder.de\/wp-content\/uploads\/2018\/11\/1000-A-\u00d6BB-91-81-1116-230-4_180412_\u00dcbersee_RJ563-768x524.jpg 768w\" sizes=\"auto, (max-width: 1000px) 100vw, 1000px\" \/><\/a><\/figure>\n<\/div>\n\n\n\n<div class=\"wp-block-column is-layout-flow wp-block-column-is-layout-flow\">\n<p class=\"has-light-gray-background-color has-background\"><span style=\"color: #333333;\"><strong>A-\u00d6BB 91 81 1116 230-4<br><\/strong>12.04.2018<br><\/span><img loading=\"lazy\" decoding=\"async\" width=\"33\" height=\"20\" class=\"wp-image-5706\" style=\"width: 33px;\" src=\"https:\/\/zug-bilder.de\/wp-content\/uploads\/2023\/04\/Flagge_Deutschland.jpg\" alt=\"\"> <span style=\"color: #333333;\">\u00dcbersee<br><em>RJ 563<\/em><br><em>Innsbruck Hbf &#8211;<\/em> <em>Flughafen Wien<\/em><\/span><\/p>\n<\/div>\n<\/div>\n\n\n\n<div class=\"wp-block-columns is-layout-flex wp-container-core-columns-is-layout-9d6595d7 wp-block-columns-is-layout-flex\">\n<div class=\"wp-block-column is-layout-flow wp-block-column-is-layout-flow\">\n<figure class=\"wp-block-image size-full\"><a href=\"https:\/\/zug-bilder.de\/wp-content\/uploads\/2020\/06\/1000-A-\u00d6BB-91-81-1116-232-0_200602_\u00dcbersee_RJX564.jpg\"><img loading=\"lazy\" decoding=\"async\" width=\"1000\" height=\"682\" src=\"https:\/\/zug-bilder.de\/wp-content\/uploads\/2020\/06\/1000-A-\u00d6BB-91-81-1116-232-0_200602_\u00dcbersee_RJX564.jpg\" alt=\"\" class=\"wp-image-4049\" srcset=\"https:\/\/zug-bilder.de\/wp-content\/uploads\/2020\/06\/1000-A-\u00d6BB-91-81-1116-232-0_200602_\u00dcbersee_RJX564.jpg 1000w, https:\/\/zug-bilder.de\/wp-content\/uploads\/2020\/06\/1000-A-\u00d6BB-91-81-1116-232-0_200602_\u00dcbersee_RJX564-300x205.jpg 300w, https:\/\/zug-bilder.de\/wp-content\/uploads\/2020\/06\/1000-A-\u00d6BB-91-81-1116-232-0_200602_\u00dcbersee_RJX564-768x524.jpg 768w\" sizes=\"auto, (max-width: 1000px) 100vw, 1000px\" \/><\/a><\/figure>\n<\/div>\n\n\n\n<div class=\"wp-block-column is-layout-flow wp-block-column-is-layout-flow\">\n<p class=\"has-light-gray-background-color has-background\"><span style=\"color: #333333;\"><strong>A-\u00d6BB 91 81 1116 232-0<br><\/strong>02.06.2020<br><\/span><img loading=\"lazy\" decoding=\"async\" width=\"33\" height=\"20\" class=\"wp-image-5706\" style=\"width: 33px;\" src=\"https:\/\/zug-bilder.de\/wp-content\/uploads\/2023\/04\/Flagge_Deutschland.jpg\" alt=\"\"> <span style=\"color: #333333;\">\u00dcbersee<br><em>RJX 564<\/em><br><em>Flughafen Wien &#8211;<\/em> <em>Innsbruck Hbf<\/em><\/span><\/p>\n<\/div>\n<\/div>\n\n\n\n<div class=\"wp-block-columns is-layout-flex wp-container-core-columns-is-layout-9d6595d7 wp-block-columns-is-layout-flex\">\n<div class=\"wp-block-column is-layout-flow wp-block-column-is-layout-flow\">\n<figure class=\"wp-block-image size-full\"><a href=\"https:\/\/zug-bilder.de\/wp-content\/uploads\/2021\/12\/1000-A-OeBB-91-81-1116-233-8_210602_Uebersee_RJX564.jpg\"><img loading=\"lazy\" decoding=\"async\" width=\"1000\" height=\"682\" src=\"https:\/\/zug-bilder.de\/wp-content\/uploads\/2021\/12\/1000-A-OeBB-91-81-1116-233-8_210602_Uebersee_RJX564.jpg\" alt=\"\" class=\"wp-image-5058\" srcset=\"https:\/\/zug-bilder.de\/wp-content\/uploads\/2021\/12\/1000-A-OeBB-91-81-1116-233-8_210602_Uebersee_RJX564.jpg 1000w, https:\/\/zug-bilder.de\/wp-content\/uploads\/2021\/12\/1000-A-OeBB-91-81-1116-233-8_210602_Uebersee_RJX564-300x205.jpg 300w, https:\/\/zug-bilder.de\/wp-content\/uploads\/2021\/12\/1000-A-OeBB-91-81-1116-233-8_210602_Uebersee_RJX564-768x524.jpg 768w\" sizes=\"auto, (max-width: 1000px) 100vw, 1000px\" \/><\/a><\/figure>\n<\/div>\n\n\n\n<div class=\"wp-block-column is-layout-flow wp-block-column-is-layout-flow\">\n<p class=\"has-light-gray-background-color has-background\"><span style=\"color: #333333;\"><strong>A-\u00d6BB 91 81 1116 233-8<br><\/strong>02.06.2021<br><\/span><img loading=\"lazy\" decoding=\"async\" width=\"33\" height=\"20\" class=\"wp-image-5706\" style=\"width: 33px;\" src=\"https:\/\/zug-bilder.de\/wp-content\/uploads\/2023\/04\/Flagge_Deutschland.jpg\" alt=\"\"> <span style=\"color: #333333;\">\u00dcbersee<br><em>RJX 564<\/em><br><em>Flughafen Wien &#8211;<\/em> <em>Innsbruck Hbf<\/em><\/span><\/p>\n<\/div>\n<\/div>\n\n\n\n<div class=\"wp-block-columns is-layout-flex wp-container-core-columns-is-layout-9d6595d7 wp-block-columns-is-layout-flex\">\n<div class=\"wp-block-column is-layout-flow wp-block-column-is-layout-flow\">\n<figure class=\"wp-block-image size-full\"><a href=\"https:\/\/zug-bilder.de\/wp-content\/uploads\/2020\/06\/1000-A-\u00d6BB-91-81-1116-237-9_200602_\u00dcbersee_RJX67.jpg\"><img loading=\"lazy\" decoding=\"async\" width=\"1000\" height=\"682\" src=\"https:\/\/zug-bilder.de\/wp-content\/uploads\/2020\/06\/1000-A-\u00d6BB-91-81-1116-237-9_200602_\u00dcbersee_RJX67.jpg\" alt=\"\" class=\"wp-image-4047\" srcset=\"https:\/\/zug-bilder.de\/wp-content\/uploads\/2020\/06\/1000-A-\u00d6BB-91-81-1116-237-9_200602_\u00dcbersee_RJX67.jpg 1000w, https:\/\/zug-bilder.de\/wp-content\/uploads\/2020\/06\/1000-A-\u00d6BB-91-81-1116-237-9_200602_\u00dcbersee_RJX67-300x205.jpg 300w, https:\/\/zug-bilder.de\/wp-content\/uploads\/2020\/06\/1000-A-\u00d6BB-91-81-1116-237-9_200602_\u00dcbersee_RJX67-768x524.jpg 768w\" sizes=\"auto, (max-width: 1000px) 100vw, 1000px\" \/><\/a><\/figure>\n<\/div>\n\n\n\n<div class=\"wp-block-column is-layout-flow wp-block-column-is-layout-flow\">\n<p class=\"has-light-gray-background-color has-background\"><span style=\"color: #333333;\"><strong>A-\u00d6BB 91 81 1116 237-9<br><\/strong>02.06.2020<br><\/span><img loading=\"lazy\" decoding=\"async\" width=\"33\" height=\"20\" class=\"wp-image-5706\" style=\"width: 33px;\" src=\"https:\/\/zug-bilder.de\/wp-content\/uploads\/2023\/04\/Flagge_Deutschland.jpg\" alt=\"\"> <span style=\"color: #333333;\">\u00dcbersee<br><em>RJX 67<\/em><br><em>M\u00fcnchen Hbf &#8211; Wien Hbf<\/em><\/span><\/p>\n<\/div>\n<\/div>\n\n\n\n<div class=\"wp-block-columns is-layout-flex wp-container-core-columns-is-layout-9d6595d7 wp-block-columns-is-layout-flex\">\n<div class=\"wp-block-column is-layout-flow wp-block-column-is-layout-flow\">\n<figure class=\"wp-block-image size-full\"><a href=\"https:\/\/zug-bilder.de\/wp-content\/uploads\/2018\/06\/1000-91-81-1116-238-7-A-\u00d6BB_150321_Stra\u00df_RJ660.jpg\"><img loading=\"lazy\" decoding=\"async\" width=\"1000\" height=\"682\" src=\"https:\/\/zug-bilder.de\/wp-content\/uploads\/2018\/06\/1000-91-81-1116-238-7-A-\u00d6BB_150321_Stra\u00df_RJ660.jpg\" alt=\"\" class=\"wp-image-447\" srcset=\"https:\/\/zug-bilder.de\/wp-content\/uploads\/2018\/06\/1000-91-81-1116-238-7-A-\u00d6BB_150321_Stra\u00df_RJ660.jpg 1000w, https:\/\/zug-bilder.de\/wp-content\/uploads\/2018\/06\/1000-91-81-1116-238-7-A-\u00d6BB_150321_Stra\u00df_RJ660-300x205.jpg 300w, https:\/\/zug-bilder.de\/wp-content\/uploads\/2018\/06\/1000-91-81-1116-238-7-A-\u00d6BB_150321_Stra\u00df_RJ660-768x524.jpg 768w\" sizes=\"auto, (max-width: 1000px) 100vw, 1000px\" \/><\/a><\/figure>\n<\/div>\n\n\n\n<div class=\"wp-block-column is-layout-flow wp-block-column-is-layout-flow\">\n<p class=\"has-light-gray-background-color has-background\"><span style=\"color: #333333;\"><strong>A-\u00d6BB 91 81 1116 238-7<br><\/strong>21.03.2016<br><\/span><img loading=\"lazy\" decoding=\"async\" width=\"33\" height=\"20\" class=\"wp-image-5706\" style=\"width: 33px;\" src=\"https:\/\/zug-bilder.de\/wp-content\/uploads\/2023\/04\/Flagge_Deutschland.jpg\" alt=\"\"> <span style=\"color: #333333;\">Stra\u00df (Ainring)<br><em>RJ 660<br>Wien Westbahnhof &#8211; Innsbruck Hbf<\/em><\/span><\/p>\n<\/div>\n<\/div>\n\n\n\n<div class=\"wp-block-columns is-layout-flex wp-container-core-columns-is-layout-9d6595d7 wp-block-columns-is-layout-flex\">\n<div class=\"wp-block-column is-layout-flow wp-block-column-is-layout-flow\">\n<figure class=\"wp-block-image size-full\"><a href=\"https:\/\/zug-bilder.de\/wp-content\/uploads\/2021\/06\/1000-A-OeBB-91-81-1116-245-2_210602_Uebersee_RJ860.jpg\"><img loading=\"lazy\" decoding=\"async\" width=\"1000\" height=\"682\" src=\"https:\/\/zug-bilder.de\/wp-content\/uploads\/2021\/06\/1000-A-OeBB-91-81-1116-245-2_210602_Uebersee_RJ860.jpg\" alt=\"\" class=\"wp-image-4626\" srcset=\"https:\/\/zug-bilder.de\/wp-content\/uploads\/2021\/06\/1000-A-OeBB-91-81-1116-245-2_210602_Uebersee_RJ860.jpg 1000w, https:\/\/zug-bilder.de\/wp-content\/uploads\/2021\/06\/1000-A-OeBB-91-81-1116-245-2_210602_Uebersee_RJ860-300x205.jpg 300w, https:\/\/zug-bilder.de\/wp-content\/uploads\/2021\/06\/1000-A-OeBB-91-81-1116-245-2_210602_Uebersee_RJ860-768x524.jpg 768w\" sizes=\"auto, (max-width: 1000px) 100vw, 1000px\" \/><\/a><\/figure>\n<\/div>\n\n\n\n<div class=\"wp-block-column is-layout-flow wp-block-column-is-layout-flow\">\n<p class=\"has-light-gray-background-color has-background\"><span style=\"color: #333333;\"><strong>A-\u00d6BB 91 81 1116 245-2<br><\/strong>02.06.2021<br><\/span><img loading=\"lazy\" decoding=\"async\" width=\"33\" height=\"20\" class=\"wp-image-5706\" style=\"width: 33px;\" src=\"https:\/\/zug-bilder.de\/wp-content\/uploads\/2023\/04\/Flagge_Deutschland.jpg\" alt=\"\"> <span style=\"color: #333333;\">\u00dcbersee<br><em>RJ 860 &#8222;Achensee&#8220;<\/em><br><em>Wien Hbf &#8211; Bregenz<\/em><\/span><\/p>\n<\/div>\n<\/div>\n\n\n\n<div class=\"wp-block-columns is-layout-flex wp-container-core-columns-is-layout-9d6595d7 wp-block-columns-is-layout-flex\">\n<div class=\"wp-block-column is-layout-flow wp-block-column-is-layout-flow\">\n<figure class=\"wp-block-image size-full\"><a href=\"https:\/\/zug-bilder.de\/wp-content\/uploads\/2021\/09\/1000-A-OeBB-91-81-1116-249-4_210529_WienHbf_RJX64.jpg\"><img loading=\"lazy\" decoding=\"async\" width=\"1000\" height=\"682\" src=\"https:\/\/zug-bilder.de\/wp-content\/uploads\/2021\/09\/1000-A-OeBB-91-81-1116-249-4_210529_WienHbf_RJX64.jpg\" alt=\"\" class=\"wp-image-4720\" srcset=\"https:\/\/zug-bilder.de\/wp-content\/uploads\/2021\/09\/1000-A-OeBB-91-81-1116-249-4_210529_WienHbf_RJX64.jpg 1000w, https:\/\/zug-bilder.de\/wp-content\/uploads\/2021\/09\/1000-A-OeBB-91-81-1116-249-4_210529_WienHbf_RJX64-300x205.jpg 300w, https:\/\/zug-bilder.de\/wp-content\/uploads\/2021\/09\/1000-A-OeBB-91-81-1116-249-4_210529_WienHbf_RJX64-768x524.jpg 768w\" sizes=\"auto, (max-width: 1000px) 100vw, 1000px\" \/><\/a><\/figure>\n<\/div>\n\n\n\n<div class=\"wp-block-column is-layout-flow wp-block-column-is-layout-flow\">\n<p class=\"has-light-gray-background-color has-background\"><span style=\"color: #333333;\"><strong>A-\u00d6BB 91 81 1116 249-4<br><\/strong>29.05.2021<br><\/span><img loading=\"lazy\" decoding=\"async\" width=\"30\" height=\"20\" class=\"wp-image-5711\" style=\"width: 30px;\" src=\"https:\/\/zug-bilder.de\/wp-content\/uploads\/2023\/04\/Flagge_Oesterreich.jpg\" alt=\"\"> <span style=\"color: #333333;\">Wien Hbf<br><em>RJX 64<\/em><br><em>Wien Hbf &#8211; M\u00fcnchen Hbf<\/em><\/span><\/p>\n<\/div>\n<\/div>\n\n\n\n<div class=\"wp-block-columns is-layout-flex wp-container-core-columns-is-layout-9d6595d7 wp-block-columns-is-layout-flex\">\n<div class=\"wp-block-column is-layout-flow wp-block-column-is-layout-flow\">\n<figure class=\"wp-block-image size-full\"><a href=\"https:\/\/zug-bilder.de\/wp-content\/uploads\/2021\/12\/1000-A-OeBB-91-81-1116-249-4_210529_WienHbf_RJX64_2.jpg\"><img loading=\"lazy\" decoding=\"async\" width=\"1000\" height=\"682\" src=\"https:\/\/zug-bilder.de\/wp-content\/uploads\/2021\/12\/1000-A-OeBB-91-81-1116-249-4_210529_WienHbf_RJX64_2.jpg\" alt=\"\" class=\"wp-image-4983\" srcset=\"https:\/\/zug-bilder.de\/wp-content\/uploads\/2021\/12\/1000-A-OeBB-91-81-1116-249-4_210529_WienHbf_RJX64_2.jpg 1000w, https:\/\/zug-bilder.de\/wp-content\/uploads\/2021\/12\/1000-A-OeBB-91-81-1116-249-4_210529_WienHbf_RJX64_2-300x205.jpg 300w, https:\/\/zug-bilder.de\/wp-content\/uploads\/2021\/12\/1000-A-OeBB-91-81-1116-249-4_210529_WienHbf_RJX64_2-768x524.jpg 768w\" sizes=\"auto, (max-width: 1000px) 100vw, 1000px\" \/><\/a><\/figure>\n<\/div>\n\n\n\n<div class=\"wp-block-column is-layout-flow wp-block-column-is-layout-flow\">\n<p class=\"has-light-gray-background-color has-background\"><span style=\"color: #333333;\"><strong>A-\u00d6BB 91 81 1116 249-4<br><\/strong>29.05.2021<br><\/span><img loading=\"lazy\" decoding=\"async\" width=\"30\" height=\"20\" class=\"wp-image-5711\" style=\"width: 30px;\" src=\"https:\/\/zug-bilder.de\/wp-content\/uploads\/2023\/04\/Flagge_Oesterreich.jpg\" alt=\"\"> <span style=\"color: #333333;\">Wien Hbf<br><em>RJX 64<\/em><br><em>Wien Hbf &#8211; M\u00fcnchen Hbf<\/em><\/span><\/p>\n<\/div>\n<\/div>\n\n\n\n<div class=\"wp-block-columns is-layout-flex wp-container-core-columns-is-layout-9d6595d7 wp-block-columns-is-layout-flex\">\n<div class=\"wp-block-column is-layout-flow wp-block-column-is-layout-flow\">\n<figure class=\"wp-block-image size-full\"><a href=\"https:\/\/zug-bilder.de\/wp-content\/uploads\/2018\/06\/1000-91-81-1116-252-8-A-\u00d6BB_180425_\u00dcbersee.jpg\"><img loading=\"lazy\" decoding=\"async\" width=\"1000\" height=\"682\" src=\"https:\/\/zug-bilder.de\/wp-content\/uploads\/2018\/06\/1000-91-81-1116-252-8-A-\u00d6BB_180425_\u00dcbersee.jpg\" alt=\"\" class=\"wp-image-449\" srcset=\"https:\/\/zug-bilder.de\/wp-content\/uploads\/2018\/06\/1000-91-81-1116-252-8-A-\u00d6BB_180425_\u00dcbersee.jpg 1000w, https:\/\/zug-bilder.de\/wp-content\/uploads\/2018\/06\/1000-91-81-1116-252-8-A-\u00d6BB_180425_\u00dcbersee-300x205.jpg 300w, https:\/\/zug-bilder.de\/wp-content\/uploads\/2018\/06\/1000-91-81-1116-252-8-A-\u00d6BB_180425_\u00dcbersee-768x524.jpg 768w\" sizes=\"auto, (max-width: 1000px) 100vw, 1000px\" \/><\/a><\/figure>\n<\/div>\n\n\n\n<div class=\"wp-block-column is-layout-flow wp-block-column-is-layout-flow\">\n<p class=\"has-light-gray-background-color has-background\"><span style=\"color: #333333;\"><strong>A-\u00d6BB 91 81 1116 252-8<br><\/strong>25.04.2018<br><\/span><img loading=\"lazy\" decoding=\"async\" width=\"33\" height=\"20\" class=\"wp-image-5706\" style=\"width: 33px;\" src=\"https:\/\/zug-bilder.de\/wp-content\/uploads\/2023\/04\/Flagge_Deutschland.jpg\" alt=\"\"> <span style=\"color: #333333;\">\u00dcbersee<\/span><\/p>\n<\/div>\n<\/div>\n\n\n\n<div class=\"wp-block-columns is-layout-flex wp-container-core-columns-is-layout-9d6595d7 wp-block-columns-is-layout-flex\">\n<div class=\"wp-block-column is-layout-flow wp-block-column-is-layout-flow\">\n<figure class=\"wp-block-image size-full\"><a href=\"https:\/\/zug-bilder.de\/wp-content\/uploads\/2018\/06\/1000-91-81-1116-253-6-A-\u00d6BB_180616_Gmunden_REX528.jpg\"><img loading=\"lazy\" decoding=\"async\" width=\"1000\" height=\"682\" src=\"https:\/\/zug-bilder.de\/wp-content\/uploads\/2018\/06\/1000-91-81-1116-253-6-A-\u00d6BB_180616_Gmunden_REX528.jpg\" alt=\"\" class=\"wp-image-479\" srcset=\"https:\/\/zug-bilder.de\/wp-content\/uploads\/2018\/06\/1000-91-81-1116-253-6-A-\u00d6BB_180616_Gmunden_REX528.jpg 1000w, https:\/\/zug-bilder.de\/wp-content\/uploads\/2018\/06\/1000-91-81-1116-253-6-A-\u00d6BB_180616_Gmunden_REX528-300x205.jpg 300w, https:\/\/zug-bilder.de\/wp-content\/uploads\/2018\/06\/1000-91-81-1116-253-6-A-\u00d6BB_180616_Gmunden_REX528-768x524.jpg 768w\" sizes=\"auto, (max-width: 1000px) 100vw, 1000px\" \/><\/a><\/figure>\n<\/div>\n\n\n\n<div class=\"wp-block-column is-layout-flow wp-block-column-is-layout-flow\">\n<p class=\"has-light-gray-background-color has-background\"><span style=\"color: #333333;\"><strong>A-\u00d6BB 91 81 1116 253-6<br><\/strong>16.06.2018<br><\/span><img loading=\"lazy\" decoding=\"async\" width=\"30\" height=\"20\" class=\"wp-image-5711\" style=\"width: 30px;\" src=\"https:\/\/zug-bilder.de\/wp-content\/uploads\/2023\/04\/Flagge_Oesterreich.jpg\" alt=\"\"> <span style=\"color: #333333;\">Gmunden<br><\/span><img loading=\"lazy\" decoding=\"async\" width=\"35\" height=\"15\" class=\"wp-image-6623\" style=\"width: 35px;\" src=\"https:\/\/zug-bilder.de\/wp-content\/uploads\/2024\/06\/Logo_IC_Oesterreich.png\" alt=\"\"> <span style=\"color: #333333;\"><em>528 &#8222;Salzkammergut&#8220;<\/em> <em>(bis Attnang-Puchheim)<\/em><br><em>REX 528 &#8222;Salzkammergut&#8220; (ab Attnang-Puchheim)<br>Wien Hbf &#8211; Stainach-Irdning<\/em><\/span><\/p>\n<\/div>\n<\/div>\n\n\n\n<div class=\"wp-block-columns is-layout-flex wp-container-core-columns-is-layout-9d6595d7 wp-block-columns-is-layout-flex\">\n<div class=\"wp-block-column is-layout-flow wp-block-column-is-layout-flow\">\n<figure class=\"wp-block-image size-full\"><a href=\"https:\/\/zug-bilder.de\/wp-content\/uploads\/2019\/10\/1000-91-81-1116-255-1-A-\u00d6BB_190609_WienHbf_D344.jpg\"><img loading=\"lazy\" decoding=\"async\" width=\"1000\" height=\"682\" src=\"https:\/\/zug-bilder.de\/wp-content\/uploads\/2019\/10\/1000-91-81-1116-255-1-A-\u00d6BB_190609_WienHbf_D344.jpg\" alt=\"\" class=\"wp-image-2322\" srcset=\"https:\/\/zug-bilder.de\/wp-content\/uploads\/2019\/10\/1000-91-81-1116-255-1-A-\u00d6BB_190609_WienHbf_D344.jpg 1000w, https:\/\/zug-bilder.de\/wp-content\/uploads\/2019\/10\/1000-91-81-1116-255-1-A-\u00d6BB_190609_WienHbf_D344-300x205.jpg 300w, https:\/\/zug-bilder.de\/wp-content\/uploads\/2019\/10\/1000-91-81-1116-255-1-A-\u00d6BB_190609_WienHbf_D344-768x524.jpg 768w\" sizes=\"auto, (max-width: 1000px) 100vw, 1000px\" \/><\/a><\/figure>\n<\/div>\n\n\n\n<div class=\"wp-block-column is-layout-flow wp-block-column-is-layout-flow\">\n<p class=\"has-light-gray-background-color has-background\"><span style=\"color: #333333;\"><strong>A-\u00d6BB 91 81 1116 255-1<br><\/strong>09.06.2019<br><\/span><img loading=\"lazy\" decoding=\"async\" width=\"30\" height=\"20\" class=\"wp-image-5711\" style=\"width: 30px;\" src=\"https:\/\/zug-bilder.de\/wp-content\/uploads\/2023\/04\/Flagge_Oesterreich.jpg\" alt=\"\"> <span style=\"color: #333333;\">Wien Hbf<br><\/span><img loading=\"lazy\" decoding=\"async\" width=\"70\" height=\"18\" class=\"wp-image-6626\" style=\"width: 70px;\" src=\"https:\/\/zug-bilder.de\/wp-content\/uploads\/2024\/06\/Logo_EC.png\" alt=\"\"> <span style=\"color: #333333;\"><em>344 (bis Hegyeshalom)<\/em><br><em>D 344 (ab Hegyeshalom)<\/em><br><em>Budapest Keleti p\u00e1lyaudvar&nbsp;&#8211;<\/em> <em>Wien Hbf<\/em><\/span><\/p>\n<\/div>\n<\/div>\n\n\n\n<div class=\"wp-block-columns is-layout-flex wp-container-core-columns-is-layout-9d6595d7 wp-block-columns-is-layout-flex\">\n<div class=\"wp-block-column is-layout-flow wp-block-column-is-layout-flow\">\n<figure class=\"wp-block-image size-full\"><a href=\"https:\/\/zug-bilder.de\/wp-content\/uploads\/2018\/06\/1000-91-81-1116-264-3-A-\u00d6BB_170306_M\u00fcnchenHeimeranplatz.jpg\"><img loading=\"lazy\" decoding=\"async\" width=\"1000\" height=\"682\" src=\"https:\/\/zug-bilder.de\/wp-content\/uploads\/2018\/06\/1000-91-81-1116-264-3-A-\u00d6BB_170306_M\u00fcnchenHeimeranplatz.jpg\" alt=\"\" class=\"wp-image-451\" srcset=\"https:\/\/zug-bilder.de\/wp-content\/uploads\/2018\/06\/1000-91-81-1116-264-3-A-\u00d6BB_170306_M\u00fcnchenHeimeranplatz.jpg 1000w, https:\/\/zug-bilder.de\/wp-content\/uploads\/2018\/06\/1000-91-81-1116-264-3-A-\u00d6BB_170306_M\u00fcnchenHeimeranplatz-300x205.jpg 300w, https:\/\/zug-bilder.de\/wp-content\/uploads\/2018\/06\/1000-91-81-1116-264-3-A-\u00d6BB_170306_M\u00fcnchenHeimeranplatz-768x524.jpg 768w\" sizes=\"auto, (max-width: 1000px) 100vw, 1000px\" \/><\/a><\/figure>\n<\/div>\n\n\n\n<div class=\"wp-block-column is-layout-flow wp-block-column-is-layout-flow\">\n<p class=\"has-light-gray-background-color has-background\"><span style=\"color: #333333;\"><strong>A-\u00d6BB 91 81 1116 264-3<br><\/strong>06.03.2017<\/span><br><img loading=\"lazy\" decoding=\"async\" width=\"33\" height=\"20\" class=\"wp-image-5706\" style=\"width: 33px;\" src=\"https:\/\/zug-bilder.de\/wp-content\/uploads\/2023\/04\/Flagge_Deutschland.jpg\" alt=\"\"> <span style=\"color: #333333;\">M\u00fcnchen Heimeranplatz<\/span><\/p>\n<\/div>\n<\/div>\n\n\n\n<div class=\"wp-block-columns is-layout-flex wp-container-core-columns-is-layout-9d6595d7 wp-block-columns-is-layout-flex\">\n<div class=\"wp-block-column is-layout-flow wp-block-column-is-layout-flow\">\n<figure class=\"wp-block-image size-full\"><a href=\"https:\/\/zug-bilder.de\/wp-content\/uploads\/2020\/02\/1000-A-\u00d6BB-91-81-1116-275-9_150321_Stra\u00df_DGS41822.jpg\"><img loading=\"lazy\" decoding=\"async\" width=\"1000\" height=\"682\" src=\"https:\/\/zug-bilder.de\/wp-content\/uploads\/2020\/02\/1000-A-\u00d6BB-91-81-1116-275-9_150321_Stra\u00df_DGS41822.jpg\" alt=\"\" class=\"wp-image-3686\" srcset=\"https:\/\/zug-bilder.de\/wp-content\/uploads\/2020\/02\/1000-A-\u00d6BB-91-81-1116-275-9_150321_Stra\u00df_DGS41822.jpg 1000w, https:\/\/zug-bilder.de\/wp-content\/uploads\/2020\/02\/1000-A-\u00d6BB-91-81-1116-275-9_150321_Stra\u00df_DGS41822-300x205.jpg 300w, https:\/\/zug-bilder.de\/wp-content\/uploads\/2020\/02\/1000-A-\u00d6BB-91-81-1116-275-9_150321_Stra\u00df_DGS41822-768x524.jpg 768w\" sizes=\"auto, (max-width: 1000px) 100vw, 1000px\" \/><\/a><\/figure>\n<\/div>\n\n\n\n<div class=\"wp-block-column is-layout-flow wp-block-column-is-layout-flow\">\n<p class=\"has-light-gray-background-color has-background\"><span style=\"color: #333333;\"><strong>A-\u00d6BB 91 81 1116 275-9<br><\/strong>21.03.2015<br><\/span><img loading=\"lazy\" decoding=\"async\" width=\"33\" height=\"20\" class=\"wp-image-5706\" style=\"width: 33px;\" src=\"https:\/\/zug-bilder.de\/wp-content\/uploads\/2023\/04\/Flagge_Deutschland.jpg\" alt=\"\"> <span style=\"color: #333333;\">Stra\u00df (Ainring)<br><em>DGS 41822<\/em><br><em>Ljubljana Moste &#8211;<\/em> <em>M\u00fcnchen Ost Rbf<\/em><\/span><\/p>\n<\/div>\n<\/div>\n\n\n\n<div class=\"wp-block-columns is-layout-flex wp-container-core-columns-is-layout-9d6595d7 wp-block-columns-is-layout-flex\">\n<div class=\"wp-block-column is-layout-flow wp-block-column-is-layout-flow\">\n<figure class=\"wp-block-image size-full\"><a href=\"https:\/\/zug-bilder.de\/wp-content\/uploads\/2020\/02\/1000-A-\u00d6BB-91-81-1116-278-3_150321_Stra\u00df.jpg\"><img loading=\"lazy\" decoding=\"async\" width=\"1000\" height=\"682\" src=\"https:\/\/zug-bilder.de\/wp-content\/uploads\/2020\/02\/1000-A-\u00d6BB-91-81-1116-278-3_150321_Stra\u00df.jpg\" alt=\"\" class=\"wp-image-3688\" srcset=\"https:\/\/zug-bilder.de\/wp-content\/uploads\/2020\/02\/1000-A-\u00d6BB-91-81-1116-278-3_150321_Stra\u00df.jpg 1000w, https:\/\/zug-bilder.de\/wp-content\/uploads\/2020\/02\/1000-A-\u00d6BB-91-81-1116-278-3_150321_Stra\u00df-300x205.jpg 300w, https:\/\/zug-bilder.de\/wp-content\/uploads\/2020\/02\/1000-A-\u00d6BB-91-81-1116-278-3_150321_Stra\u00df-768x524.jpg 768w\" sizes=\"auto, (max-width: 1000px) 100vw, 1000px\" \/><\/a><\/figure>\n<\/div>\n\n\n\n<div class=\"wp-block-column is-layout-flow wp-block-column-is-layout-flow\">\n<p class=\"has-light-gray-background-color has-background\"><span style=\"color: #333333;\"><strong>A-\u00d6BB 91 81 1116 278-3<br><\/strong>21.03.2015<br><\/span><img loading=\"lazy\" decoding=\"async\" width=\"33\" height=\"20\" class=\"wp-image-5706\" style=\"width: 33px;\" src=\"https:\/\/zug-bilder.de\/wp-content\/uploads\/2023\/04\/Flagge_Deutschland.jpg\" alt=\"\"> <span style=\"color: #333333;\">Stra\u00df (Ainring)<\/span><\/p>\n<\/div>\n<\/div>\n","protected":false},"excerpt":{"rendered":"<p>A-\u00d6BB 91 81 1116 031-621.01.2014 Salzburg Hbf 691Klagenfurt Hbf &#8211; Wien Westbahnhof A-\u00d6BB 91 81 1116 050-402.09.2016 M\u00fcnchen Heimeranplatz A-\u00d6BB 91 81 1116 056-329.05.2021 Wien Hbf 158 &#8222;Croatia&#8220;Zagreb Glavni kolodvor &#8211; Wien Hbf A-\u00d6BB 91 81 1116 057-106.03.2019 Vogl (Gro\u00dfkarolinenfeld) A-\u00d6BB 91 81 1116 084-502.09.2016 M\u00fcnchen Heimeranplatz 113M\u00fcnchen Hbf &#8211; Klagenfurt Hbf bis Villach Hbfweiter &hellip; <a href=\"https:\/\/zug-bilder.de\/?page_id=235\" class=\"more-link\"><span class=\"screen-reader-text\">91 81 1116<\/span> weiterlesen<\/a><\/p>\n","protected":false},"author":1,"featured_media":0,"parent":0,"menu_order":0,"comment_status":"closed","ping_status":"closed","template":"","meta":{"footnotes":""},"class_list":["post-235","page","type-page","status-publish","hentry"],"_links":{"self":[{"href":"https:\/\/zug-bilder.de\/index.php?rest_route=\/wp\/v2\/pages\/235","targetHints":{"allow":["GET"]}}],"collection":[{"href":"https:\/\/zug-bilder.de\/index.php?rest_route=\/wp\/v2\/pages"}],"about":[{"href":"https:\/\/zug-bilder.de\/index.php?rest_route=\/wp\/v2\/types\/page"}],"author":[{"embeddable":true,"href":"https:\/\/zug-bilder.de\/index.php?rest_route=\/wp\/v2\/users\/1"}],"replies":[{"embeddable":true,"href":"https:\/\/zug-bilder.de\/index.php?rest_route=%2Fwp%2Fv2%2Fcomments&post=235"}],"version-history":[{"count":143,"href":"https:\/\/zug-bilder.de\/index.php?rest_route=\/wp\/v2\/pages\/235\/revisions"}],"predecessor-version":[{"id":8216,"href":"https:\/\/zug-bilder.de\/index.php?rest_route=\/wp\/v2\/pages\/235\/revisions\/8216"}],"wp:attachment":[{"href":"https:\/\/zug-bilder.de\/index.php?rest_route=%2Fwp%2Fv2%2Fmedia&parent=235"}],"curies":[{"name":"wp","href":"https:\/\/api.w.org\/{rel}","templated":true}]}}