{"id":545,"date":"2018-07-01T13:32:40","date_gmt":"2018-07-01T13:32:40","guid":{"rendered":"https:\/\/zug-bilder.de\/?page_id=545"},"modified":"2025-12-31T15:12:23","modified_gmt":"2025-12-31T15:12:23","slug":"91-81-1016","status":"publish","type":"page","link":"https:\/\/zug-bilder.de\/?page_id=545","title":{"rendered":"91 81 1016"},"content":{"rendered":"\n<div class=\"wp-block-columns is-layout-flex wp-container-core-columns-is-layout-9d6595d7 wp-block-columns-is-layout-flex\">\n<div class=\"wp-block-column is-layout-flow wp-block-column-is-layout-flow\">\n<figure class=\"wp-block-image size-full\"><a href=\"https:\/\/zug-bilder.de\/wp-content\/uploads\/2022\/11\/1000-A-OeBB-91-81-1016-002-8_220830_MuenchenHeimeranplatz_EC113.jpg\"><img loading=\"lazy\" decoding=\"async\" width=\"1000\" height=\"682\" src=\"https:\/\/zug-bilder.de\/wp-content\/uploads\/2022\/11\/1000-A-OeBB-91-81-1016-002-8_220830_MuenchenHeimeranplatz_EC113.jpg\" alt=\"\" class=\"wp-image-5332\" srcset=\"https:\/\/zug-bilder.de\/wp-content\/uploads\/2022\/11\/1000-A-OeBB-91-81-1016-002-8_220830_MuenchenHeimeranplatz_EC113.jpg 1000w, https:\/\/zug-bilder.de\/wp-content\/uploads\/2022\/11\/1000-A-OeBB-91-81-1016-002-8_220830_MuenchenHeimeranplatz_EC113-300x205.jpg 300w, https:\/\/zug-bilder.de\/wp-content\/uploads\/2022\/11\/1000-A-OeBB-91-81-1016-002-8_220830_MuenchenHeimeranplatz_EC113-768x524.jpg 768w\" sizes=\"auto, (max-width: 1000px) 100vw, 1000px\" \/><\/a><\/figure>\n<\/div>\n\n\n\n<div class=\"wp-block-column is-layout-flow wp-block-column-is-layout-flow\">\n<p class=\"has-light-gray-background-color has-background\"><strong>A-\u00d6BB 91 81 1016 002-8<br><\/strong>30.08.2022<br><img loading=\"lazy\" decoding=\"async\" width=\"33\" height=\"20\" class=\"wp-image-5706\" style=\"width: 33px;\" src=\"https:\/\/zug-bilder.de\/wp-content\/uploads\/2023\/04\/Flagge_Deutschland.jpg\" alt=\"\"> M\u00fcnchen Heimeranplatz<br><img loading=\"lazy\" decoding=\"async\" width=\"70\" height=\"18\" class=\"wp-image-6626\" style=\"width: 70px;\" src=\"https:\/\/zug-bilder.de\/wp-content\/uploads\/2024\/06\/Logo_EC.png\" alt=\"\"> <em>113 &#8222;Blauer Enzian&#8220;<\/em><br><em>Frankfurt (Main) S\u00fcd &#8211;<\/em> <em>Klagenfurt Hbf<\/em><br><br><img loading=\"lazy\" decoding=\"async\" width=\"50\" height=\"29\" class=\"wp-image-1964\" style=\"width: 50px;\" src=\"https:\/\/zug-bilder.de\/wp-content\/uploads\/2019\/08\/Kurswagen.jpg\" alt=\"\"> <em>bis Villach Hbf<br>weiter auf EC 213 \u201eMimara\u201c<br>(Frankfurt (Main) S\u00fcd-) Villach Hbf \u2013 Zagreb Glavni kolodvor<\/em><\/p>\n<\/div>\n<\/div>\n\n\n\n<div class=\"wp-block-columns is-layout-flex wp-container-core-columns-is-layout-9d6595d7 wp-block-columns-is-layout-flex\">\n<div class=\"wp-block-column is-layout-flow wp-block-column-is-layout-flow\">\n<figure class=\"wp-block-image size-full\"><a href=\"https:\/\/zug-bilder.de\/wp-content\/uploads\/2019\/12\/1000-A-\u00d6BB-91-81-1016-007-7_170306_M\u00fcnchenHeimeranplatz_EC113.jpg\"><img loading=\"lazy\" decoding=\"async\" width=\"1000\" height=\"682\" src=\"https:\/\/zug-bilder.de\/wp-content\/uploads\/2019\/12\/1000-A-\u00d6BB-91-81-1016-007-7_170306_M\u00fcnchenHeimeranplatz_EC113.jpg\" alt=\"\" class=\"wp-image-3231\" srcset=\"https:\/\/zug-bilder.de\/wp-content\/uploads\/2019\/12\/1000-A-\u00d6BB-91-81-1016-007-7_170306_M\u00fcnchenHeimeranplatz_EC113.jpg 1000w, https:\/\/zug-bilder.de\/wp-content\/uploads\/2019\/12\/1000-A-\u00d6BB-91-81-1016-007-7_170306_M\u00fcnchenHeimeranplatz_EC113-300x205.jpg 300w, https:\/\/zug-bilder.de\/wp-content\/uploads\/2019\/12\/1000-A-\u00d6BB-91-81-1016-007-7_170306_M\u00fcnchenHeimeranplatz_EC113-768x524.jpg 768w\" sizes=\"auto, (max-width: 1000px) 100vw, 1000px\" \/><\/a><\/figure>\n<\/div>\n\n\n\n<div class=\"wp-block-column is-layout-flow wp-block-column-is-layout-flow\">\n<p class=\"has-light-gray-background-color has-background\"><strong>A-\u00d6BB 91 81 1016 007-7<br><\/strong>06.03.2017<br><img loading=\"lazy\" decoding=\"async\" width=\"33\" height=\"20\" class=\"wp-image-5706\" style=\"width: 33px;\" src=\"https:\/\/zug-bilder.de\/wp-content\/uploads\/2023\/04\/Flagge_Deutschland.jpg\" alt=\"\"> M\u00fcnchen Heimeranplatz<br><img loading=\"lazy\" decoding=\"async\" width=\"70\" height=\"18\" class=\"wp-image-6626\" style=\"width: 70px;\" src=\"https:\/\/zug-bilder.de\/wp-content\/uploads\/2024\/06\/Logo_EC.png\" alt=\"\"> <em>113<\/em><br><em>Frankfurt (Main) Hbf &#8211;<\/em> <em>Klagenfurt Hbf<\/em><br><br><img loading=\"lazy\" decoding=\"async\" width=\"50\" height=\"29\" class=\"wp-image-1964\" style=\"width: 50px;\" src=\"https:\/\/zug-bilder.de\/wp-content\/uploads\/2019\/08\/Kurswagen.jpg\" alt=\"\"> <em>bis Villach Hbf<br>weiter auf EC 213 \u201eMimara\u201c<br>(Frankfurt (Main) Hbf-) Villach Hbf \u2013 Zagreb Glavni kolodvor<\/em><\/p>\n<\/div>\n<\/div>\n\n\n\n<div class=\"wp-block-columns is-layout-flex wp-container-core-columns-is-layout-9d6595d7 wp-block-columns-is-layout-flex\">\n<div class=\"wp-block-column is-layout-flow wp-block-column-is-layout-flow\">\n<figure class=\"wp-block-image size-full\"><a href=\"https:\/\/zug-bilder.de\/wp-content\/uploads\/2020\/06\/1000-A-\u00d6BB-93-81-1016-010-9_200602_\u00dcbersee.jpg\"><img loading=\"lazy\" decoding=\"async\" width=\"1000\" height=\"682\" src=\"https:\/\/zug-bilder.de\/wp-content\/uploads\/2020\/06\/1000-A-\u00d6BB-93-81-1016-010-9_200602_\u00dcbersee.jpg\" alt=\"\" class=\"wp-image-3970\" srcset=\"https:\/\/zug-bilder.de\/wp-content\/uploads\/2020\/06\/1000-A-\u00d6BB-93-81-1016-010-9_200602_\u00dcbersee.jpg 1000w, https:\/\/zug-bilder.de\/wp-content\/uploads\/2020\/06\/1000-A-\u00d6BB-93-81-1016-010-9_200602_\u00dcbersee-300x205.jpg 300w, https:\/\/zug-bilder.de\/wp-content\/uploads\/2020\/06\/1000-A-\u00d6BB-93-81-1016-010-9_200602_\u00dcbersee-768x524.jpg 768w\" sizes=\"auto, (max-width: 1000px) 100vw, 1000px\" \/><\/a><\/figure>\n<\/div>\n\n\n\n<div class=\"wp-block-column is-layout-flow wp-block-column-is-layout-flow\">\n<p class=\"has-light-gray-background-color has-background\"><strong>A-\u00d6BB 93 81 1016 010-9<br><\/strong>02.06.2020<br><img loading=\"lazy\" decoding=\"async\" width=\"33\" height=\"20\" class=\"wp-image-5706\" style=\"width: 33px;\" src=\"https:\/\/zug-bilder.de\/wp-content\/uploads\/2023\/04\/Flagge_Deutschland.jpg\" alt=\"\"> \u00dcbersee<\/p>\n<\/div>\n<\/div>\n\n\n\n<div class=\"wp-block-columns is-layout-flex wp-container-core-columns-is-layout-9d6595d7 wp-block-columns-is-layout-flex\">\n<div class=\"wp-block-column is-layout-flow wp-block-column-is-layout-flow\">\n<figure class=\"wp-block-image size-full\"><a href=\"https:\/\/zug-bilder.de\/wp-content\/uploads\/2025\/12\/1000-A-OeBB-91-81-1016-011-9_250612_Assling_NJ421-NJ40491.jpg\"><img loading=\"lazy\" decoding=\"async\" width=\"1000\" height=\"667\" src=\"https:\/\/zug-bilder.de\/wp-content\/uploads\/2025\/12\/1000-A-OeBB-91-81-1016-011-9_250612_Assling_NJ421-NJ40491.jpg\" alt=\"\" class=\"wp-image-8088\" srcset=\"https:\/\/zug-bilder.de\/wp-content\/uploads\/2025\/12\/1000-A-OeBB-91-81-1016-011-9_250612_Assling_NJ421-NJ40491.jpg 1000w, https:\/\/zug-bilder.de\/wp-content\/uploads\/2025\/12\/1000-A-OeBB-91-81-1016-011-9_250612_Assling_NJ421-NJ40491-300x200.jpg 300w, https:\/\/zug-bilder.de\/wp-content\/uploads\/2025\/12\/1000-A-OeBB-91-81-1016-011-9_250612_Assling_NJ421-NJ40491-768x512.jpg 768w\" sizes=\"auto, (max-width: 1000px) 100vw, 1000px\" \/><\/a><\/figure>\n<\/div>\n\n\n\n<div class=\"wp-block-column is-layout-flow wp-block-column-is-layout-flow\">\n<p class=\"has-light-gray-background-color has-background\"><strong>A-\u00d6BB 91 81 1016 011-9<\/strong><br>12.06.2025<br><img loading=\"lazy\" decoding=\"async\" width=\"33\" height=\"20\" class=\"wp-image-5706\" style=\"width: 33px;\" src=\"https:\/\/zug-bilder.de\/wp-content\/uploads\/2023\/04\/Flagge_Deutschland.jpg\" alt=\"\"> A\u00dfling (Oberbay)<br><em>NJ 421<br>Amsterdam Centraal &#8211; Innsbruck Hbf<br>vereingt mit<br>NJ 40491<br>Hamburg-Altona &#8211; Innsbruck Hbf<\/em><\/p>\n<\/div>\n<\/div>\n\n\n\n<div class=\"wp-block-columns is-layout-flex wp-container-core-columns-is-layout-9d6595d7 wp-block-columns-is-layout-flex\">\n<div class=\"wp-block-column is-layout-flow wp-block-column-is-layout-flow\">\n<figure class=\"wp-block-image size-full\"><a href=\"https:\/\/zug-bilder.de\/wp-content\/uploads\/2021\/12\/1000-A-OeBB-91-81-1016-012-7_210602_Uebersee_EC112.jpg\"><img loading=\"lazy\" decoding=\"async\" width=\"1000\" height=\"682\" src=\"https:\/\/zug-bilder.de\/wp-content\/uploads\/2021\/12\/1000-A-OeBB-91-81-1016-012-7_210602_Uebersee_EC112.jpg\" alt=\"\" class=\"wp-image-5060\" srcset=\"https:\/\/zug-bilder.de\/wp-content\/uploads\/2021\/12\/1000-A-OeBB-91-81-1016-012-7_210602_Uebersee_EC112.jpg 1000w, https:\/\/zug-bilder.de\/wp-content\/uploads\/2021\/12\/1000-A-OeBB-91-81-1016-012-7_210602_Uebersee_EC112-300x205.jpg 300w, https:\/\/zug-bilder.de\/wp-content\/uploads\/2021\/12\/1000-A-OeBB-91-81-1016-012-7_210602_Uebersee_EC112-768x524.jpg 768w\" sizes=\"auto, (max-width: 1000px) 100vw, 1000px\" \/><\/a><\/figure>\n<\/div>\n\n\n\n<div class=\"wp-block-column is-layout-flow wp-block-column-is-layout-flow\">\n<p class=\"has-light-gray-background-color has-background\"><strong>A-\u00d6BB 91 81 1016 012-7<br><\/strong>02.06.2021<br><img loading=\"lazy\" decoding=\"async\" width=\"33\" height=\"20\" class=\"wp-image-5706\" style=\"width: 33px;\" src=\"https:\/\/zug-bilder.de\/wp-content\/uploads\/2023\/04\/Flagge_Deutschland.jpg\" alt=\"\"> \u00dcbersee<br><img loading=\"lazy\" decoding=\"async\" width=\"70\" height=\"18\" class=\"wp-image-6626\" style=\"width: 70px;\" src=\"https:\/\/zug-bilder.de\/wp-content\/uploads\/2024\/06\/Logo_EC.png\" alt=\"\"> <em>112 &#8222;Blauer Enzian&#8220;<\/em><br><em>Klagenfurt Hbf &#8211;<\/em> <em>Frankfurt (Main) Hbf<\/em><\/p>\n<\/div>\n<\/div>\n\n\n\n<div class=\"wp-block-columns is-layout-flex wp-container-core-columns-is-layout-9d6595d7 wp-block-columns-is-layout-flex\">\n<div class=\"wp-block-column is-layout-flow wp-block-column-is-layout-flow\">\n<figure class=\"wp-block-image size-full\"><a href=\"https:\/\/zug-bilder.de\/wp-content\/uploads\/2019\/08\/1000-A-\u00d6BB-91-81-1016-013-5_190306_Vogl_EC113.jpg\"><img loading=\"lazy\" decoding=\"async\" width=\"1000\" height=\"682\" src=\"https:\/\/zug-bilder.de\/wp-content\/uploads\/2019\/08\/1000-A-\u00d6BB-91-81-1016-013-5_190306_Vogl_EC113.jpg\" alt=\"\" class=\"wp-image-1963\" srcset=\"https:\/\/zug-bilder.de\/wp-content\/uploads\/2019\/08\/1000-A-\u00d6BB-91-81-1016-013-5_190306_Vogl_EC113.jpg 1000w, https:\/\/zug-bilder.de\/wp-content\/uploads\/2019\/08\/1000-A-\u00d6BB-91-81-1016-013-5_190306_Vogl_EC113-300x205.jpg 300w, https:\/\/zug-bilder.de\/wp-content\/uploads\/2019\/08\/1000-A-\u00d6BB-91-81-1016-013-5_190306_Vogl_EC113-768x524.jpg 768w\" sizes=\"auto, (max-width: 1000px) 100vw, 1000px\" \/><\/a><\/figure>\n<\/div>\n\n\n\n<div class=\"wp-block-column is-layout-flow wp-block-column-is-layout-flow\">\n<p class=\"has-light-gray-background-color has-background\"><strong>A-\u00d6BB 91 81 1016 013-5<br><\/strong>06.03.2019<br><img loading=\"lazy\" decoding=\"async\" width=\"33\" height=\"20\" class=\"wp-image-5706\" style=\"width: 33px;\" src=\"https:\/\/zug-bilder.de\/wp-content\/uploads\/2023\/04\/Flagge_Deutschland.jpg\" alt=\"\"> Vogl (Gro\u00dfkarolinenfeld)<br><img loading=\"lazy\" decoding=\"async\" width=\"70\" height=\"18\" class=\"wp-image-6626\" style=\"width: 70px;\" src=\"https:\/\/zug-bilder.de\/wp-content\/uploads\/2024\/06\/Logo_EC.png\" alt=\"\"> <em>113 &#8222;Blauer Enzian&#8220;<\/em><br><em>Frankfurt (Main) Hbf &#8211;<\/em> <em>Klagenfurt Hbf<\/em><br><br><img loading=\"lazy\" decoding=\"async\" width=\"50\" height=\"29\" class=\"wp-image-1964\" style=\"width: 50px;\" src=\"https:\/\/zug-bilder.de\/wp-content\/uploads\/2019\/08\/Kurswagen.jpg\" alt=\"\"> <em>bis Villach Hbf<br>weiter auf EC 213 \u201eMimara\u201c<br>(Frankfurt (Main) Hbf-) Villach Hbf \u2013 Zagreb Glavni kolodvor<\/em><\/p>\n<\/div>\n<\/div>\n\n\n\n<div class=\"wp-block-columns is-layout-flex wp-container-core-columns-is-layout-9d6595d7 wp-block-columns-is-layout-flex\">\n<div class=\"wp-block-column is-layout-flow wp-block-column-is-layout-flow\">\n<figure class=\"wp-block-image size-full\"><a href=\"https:\/\/zug-bilder.de\/wp-content\/uploads\/2021\/01\/1000-A-\u00d6BB-91-81-1016-014-3_121201_M\u00fcnchenHbf_EC112.jpg\"><img loading=\"lazy\" decoding=\"async\" width=\"1000\" height=\"682\" src=\"https:\/\/zug-bilder.de\/wp-content\/uploads\/2021\/01\/1000-A-\u00d6BB-91-81-1016-014-3_121201_M\u00fcnchenHbf_EC112.jpg\" alt=\"\" class=\"wp-image-4413\" srcset=\"https:\/\/zug-bilder.de\/wp-content\/uploads\/2021\/01\/1000-A-\u00d6BB-91-81-1016-014-3_121201_M\u00fcnchenHbf_EC112.jpg 1000w, https:\/\/zug-bilder.de\/wp-content\/uploads\/2021\/01\/1000-A-\u00d6BB-91-81-1016-014-3_121201_M\u00fcnchenHbf_EC112-300x205.jpg 300w, https:\/\/zug-bilder.de\/wp-content\/uploads\/2021\/01\/1000-A-\u00d6BB-91-81-1016-014-3_121201_M\u00fcnchenHbf_EC112-768x524.jpg 768w\" sizes=\"auto, (max-width: 1000px) 100vw, 1000px\" \/><\/a><\/figure>\n<\/div>\n\n\n\n<div class=\"wp-block-column is-layout-flow wp-block-column-is-layout-flow\">\n<p class=\"has-light-gray-background-color has-background\"><strong>A-\u00d6BB 91 81 1016 014-3<br><\/strong>01.12.2012<br><img loading=\"lazy\" decoding=\"async\" width=\"33\" height=\"20\" class=\"wp-image-5706\" style=\"width: 33px;\" src=\"https:\/\/zug-bilder.de\/wp-content\/uploads\/2023\/04\/Flagge_Deutschland.jpg\" alt=\"\"> M\u00fcnchen Hbf<br><img loading=\"lazy\" decoding=\"async\" width=\"70\" height=\"18\" class=\"wp-image-6626\" style=\"width: 70px;\" src=\"https:\/\/zug-bilder.de\/wp-content\/uploads\/2024\/06\/Logo_EC.png\" alt=\"\"> <em>112<\/em><br><em>Klagenfurt Hbf &#8211;<\/em> <em>Frankfurt (Main) Hbf<\/em><br><br><img loading=\"lazy\" decoding=\"async\" width=\"50\" height=\"29\" class=\"wp-image-1964\" style=\"width: 50px;\" src=\"https:\/\/zug-bilder.de\/wp-content\/uploads\/2019\/08\/Kurswagen.jpg\" alt=\"\"> <em>ab Villach Hbf<br>von EC 212 \u201eMimara\u201c<br>Zagreb Glavni kolodvor \u2013 Villach Hbf (- Frankfurt (Main) Hbf)<\/em><\/p>\n<\/div>\n<\/div>\n\n\n\n<div class=\"wp-block-columns is-layout-flex wp-container-core-columns-is-layout-9d6595d7 wp-block-columns-is-layout-flex\">\n<div class=\"wp-block-column is-layout-flow wp-block-column-is-layout-flow\">\n<figure class=\"wp-block-image size-full\"><a href=\"https:\/\/zug-bilder.de\/wp-content\/uploads\/2020\/01\/1000-A-\u00d6BB-91-81-1016-018-4_150120_M\u00fcnchenHeimeranplatz_EC112.jpg\"><img loading=\"lazy\" decoding=\"async\" width=\"1000\" height=\"682\" src=\"https:\/\/zug-bilder.de\/wp-content\/uploads\/2020\/01\/1000-A-\u00d6BB-91-81-1016-018-4_150120_M\u00fcnchenHeimeranplatz_EC112.jpg\" alt=\"\" class=\"wp-image-3437\" srcset=\"https:\/\/zug-bilder.de\/wp-content\/uploads\/2020\/01\/1000-A-\u00d6BB-91-81-1016-018-4_150120_M\u00fcnchenHeimeranplatz_EC112.jpg 1000w, https:\/\/zug-bilder.de\/wp-content\/uploads\/2020\/01\/1000-A-\u00d6BB-91-81-1016-018-4_150120_M\u00fcnchenHeimeranplatz_EC112-300x205.jpg 300w, https:\/\/zug-bilder.de\/wp-content\/uploads\/2020\/01\/1000-A-\u00d6BB-91-81-1016-018-4_150120_M\u00fcnchenHeimeranplatz_EC112-768x524.jpg 768w\" sizes=\"auto, (max-width: 1000px) 100vw, 1000px\" \/><\/a><\/figure>\n<\/div>\n\n\n\n<div class=\"wp-block-column is-layout-flow wp-block-column-is-layout-flow\">\n<p class=\"has-light-gray-background-color has-background\"><strong>A-\u00d6BB 91 81 1016 018-4<br><\/strong>18.05.2016<br><img loading=\"lazy\" decoding=\"async\" width=\"33\" height=\"20\" class=\"wp-image-5706\" style=\"width: 33px;\" src=\"https:\/\/zug-bilder.de\/wp-content\/uploads\/2023\/04\/Flagge_Deutschland.jpg\" alt=\"\"> M\u00fcnchen Heimeranplatz<br><img loading=\"lazy\" decoding=\"async\" width=\"70\" height=\"18\" class=\"wp-image-6626\" style=\"width: 70px;\" src=\"https:\/\/zug-bilder.de\/wp-content\/uploads\/2024\/06\/Logo_EC.png\" alt=\"\"> <em>112<\/em><br><em>Klagenfurt Hbf &#8211;<\/em> <em>Frankfurt (Main) Hbf<\/em><br><br><img loading=\"lazy\" decoding=\"async\" width=\"50\" height=\"29\" class=\"wp-image-1964\" style=\"width: 50px;\" src=\"https:\/\/zug-bilder.de\/wp-content\/uploads\/2019\/08\/Kurswagen.jpg\" alt=\"\"> <em>ab Villach Hbf<br>von EC 212 \u201eMimara\u201c<br>Zagreb Glavni kolodvor \u2013 Villach Hbf (- Frankfurt (Main) Hbf)<\/em><\/p>\n<\/div>\n<\/div>\n\n\n\n<div class=\"wp-block-columns is-layout-flex wp-container-core-columns-is-layout-9d6595d7 wp-block-columns-is-layout-flex\">\n<div class=\"wp-block-column is-layout-flow wp-block-column-is-layout-flow\">\n<figure class=\"wp-block-image size-full\"><a href=\"https:\/\/zug-bilder.de\/wp-content\/uploads\/2021\/11\/1000-A-OeBB-91-81-1016-021-8_211102_MuenchenHeimeranplatz.jpg\"><img loading=\"lazy\" decoding=\"async\" width=\"1000\" height=\"682\" src=\"https:\/\/zug-bilder.de\/wp-content\/uploads\/2021\/11\/1000-A-OeBB-91-81-1016-021-8_211102_MuenchenHeimeranplatz.jpg\" alt=\"\" class=\"wp-image-4842\" srcset=\"https:\/\/zug-bilder.de\/wp-content\/uploads\/2021\/11\/1000-A-OeBB-91-81-1016-021-8_211102_MuenchenHeimeranplatz.jpg 1000w, https:\/\/zug-bilder.de\/wp-content\/uploads\/2021\/11\/1000-A-OeBB-91-81-1016-021-8_211102_MuenchenHeimeranplatz-300x205.jpg 300w, https:\/\/zug-bilder.de\/wp-content\/uploads\/2021\/11\/1000-A-OeBB-91-81-1016-021-8_211102_MuenchenHeimeranplatz-768x524.jpg 768w\" sizes=\"auto, (max-width: 1000px) 100vw, 1000px\" \/><\/a><\/figure>\n<\/div>\n\n\n\n<div class=\"wp-block-column is-layout-flow wp-block-column-is-layout-flow\">\n<p class=\"has-light-gray-background-color has-background\"><strong>A-\u00d6BB 91 81 1016 021-8<br><\/strong>02.11.2021<br><img loading=\"lazy\" decoding=\"async\" width=\"33\" height=\"20\" class=\"wp-image-5706\" style=\"width: 33px;\" src=\"https:\/\/zug-bilder.de\/wp-content\/uploads\/2023\/04\/Flagge_Deutschland.jpg\" alt=\"\"> M\u00fcnchen Heimeranplatz<\/p>\n<\/div>\n<\/div>\n\n\n\n<div class=\"wp-block-columns is-layout-flex wp-container-core-columns-is-layout-9d6595d7 wp-block-columns-is-layout-flex\">\n<div class=\"wp-block-column is-layout-flow wp-block-column-is-layout-flow\">\n<figure class=\"wp-block-image size-full\"><a href=\"https:\/\/zug-bilder.de\/wp-content\/uploads\/2019\/10\/1000-A-\u00d6BB-91-81-1016-022-6_190812_M\u00fcnchenHbf_EC113.jpg\"><img loading=\"lazy\" decoding=\"async\" width=\"1000\" height=\"682\" src=\"https:\/\/zug-bilder.de\/wp-content\/uploads\/2019\/10\/1000-A-\u00d6BB-91-81-1016-022-6_190812_M\u00fcnchenHbf_EC113.jpg\" alt=\"\" class=\"wp-image-2367\" srcset=\"https:\/\/zug-bilder.de\/wp-content\/uploads\/2019\/10\/1000-A-\u00d6BB-91-81-1016-022-6_190812_M\u00fcnchenHbf_EC113.jpg 1000w, https:\/\/zug-bilder.de\/wp-content\/uploads\/2019\/10\/1000-A-\u00d6BB-91-81-1016-022-6_190812_M\u00fcnchenHbf_EC113-300x205.jpg 300w, https:\/\/zug-bilder.de\/wp-content\/uploads\/2019\/10\/1000-A-\u00d6BB-91-81-1016-022-6_190812_M\u00fcnchenHbf_EC113-768x524.jpg 768w\" sizes=\"auto, (max-width: 1000px) 100vw, 1000px\" \/><\/a><\/figure>\n<\/div>\n\n\n\n<div class=\"wp-block-column is-layout-flow wp-block-column-is-layout-flow\">\n<p class=\"has-light-gray-background-color has-background\"><strong>A-\u00d6BB 91 81 1016 022-6<br><\/strong>12.08.2019<br><img loading=\"lazy\" decoding=\"async\" width=\"33\" height=\"20\" class=\"wp-image-5706\" style=\"width: 33px;\" src=\"https:\/\/zug-bilder.de\/wp-content\/uploads\/2023\/04\/Flagge_Deutschland.jpg\" alt=\"\"> M\u00fcnchen Hbf<br><img loading=\"lazy\" decoding=\"async\" width=\"70\" height=\"18\" class=\"wp-image-6626\" style=\"width: 70px;\" src=\"https:\/\/zug-bilder.de\/wp-content\/uploads\/2024\/06\/Logo_EC.png\" alt=\"\"> <em>113 &#8222;Blauer Enzian&#8220;<\/em><br><em>Frankfurt (Main) Hbf<\/em> &#8211; <em>Klagenfurt Hbf<\/em><br><br><img loading=\"lazy\" decoding=\"async\" width=\"50\" height=\"29\" class=\"wp-image-1964\" style=\"width: 50px;\" src=\"https:\/\/zug-bilder.de\/wp-content\/uploads\/2019\/08\/Kurswagen.jpg\" alt=\"\"> <em>bis Villach Hbf<br>weiter auf EC 213 \u201eMimara\u201c<br>(Frankfurt (Main) Hbf-) Villach Hbf \u2013 Zagreb Glavni kolodvor<\/em><\/p>\n<\/div>\n<\/div>\n\n\n\n<div class=\"wp-block-columns is-layout-flex wp-container-core-columns-is-layout-9d6595d7 wp-block-columns-is-layout-flex\">\n<div class=\"wp-block-column is-layout-flow wp-block-column-is-layout-flow\">\n<figure class=\"wp-block-image size-full\"><a href=\"https:\/\/zug-bilder.de\/wp-content\/uploads\/2020\/06\/1000-A-\u00d6BB-91-81-1016-022-6_200602_\u00dcbersee_EC113.jpg\"><img loading=\"lazy\" decoding=\"async\" width=\"1000\" height=\"682\" src=\"https:\/\/zug-bilder.de\/wp-content\/uploads\/2020\/06\/1000-A-\u00d6BB-91-81-1016-022-6_200602_\u00dcbersee_EC113.jpg\" alt=\"\" class=\"wp-image-4030\" srcset=\"https:\/\/zug-bilder.de\/wp-content\/uploads\/2020\/06\/1000-A-\u00d6BB-91-81-1016-022-6_200602_\u00dcbersee_EC113.jpg 1000w, https:\/\/zug-bilder.de\/wp-content\/uploads\/2020\/06\/1000-A-\u00d6BB-91-81-1016-022-6_200602_\u00dcbersee_EC113-300x205.jpg 300w, https:\/\/zug-bilder.de\/wp-content\/uploads\/2020\/06\/1000-A-\u00d6BB-91-81-1016-022-6_200602_\u00dcbersee_EC113-768x524.jpg 768w\" sizes=\"auto, (max-width: 1000px) 100vw, 1000px\" \/><\/a><\/figure>\n<\/div>\n\n\n\n<div class=\"wp-block-column is-layout-flow wp-block-column-is-layout-flow\">\n<p class=\"has-light-gray-background-color has-background\"><strong>A-\u00d6BB 91 81 1016 022-6<br><\/strong>02.06.2020<br><img loading=\"lazy\" decoding=\"async\" width=\"33\" height=\"20\" class=\"wp-image-5706\" style=\"width: 33px;\" src=\"https:\/\/zug-bilder.de\/wp-content\/uploads\/2023\/04\/Flagge_Deutschland.jpg\" alt=\"\"> \u00dcbersee<br><img loading=\"lazy\" decoding=\"async\" width=\"70\" height=\"18\" class=\"wp-image-6626\" style=\"width: 70px;\" src=\"https:\/\/zug-bilder.de\/wp-content\/uploads\/2024\/06\/Logo_EC.png\" alt=\"\"> <em>113 &#8222;Blauer Enzian&#8220;<\/em><br><em>M\u00fcnchen Hbf &#8211;<\/em> <em>Klagenfurt Hbf<\/em><\/p>\n<\/div>\n<\/div>\n\n\n\n<div class=\"wp-block-columns is-layout-flex wp-container-core-columns-is-layout-9d6595d7 wp-block-columns-is-layout-flex\">\n<div class=\"wp-block-column is-layout-flow wp-block-column-is-layout-flow\">\n<figure class=\"wp-block-image size-full\"><a href=\"https:\/\/zug-bilder.de\/wp-content\/uploads\/2018\/07\/1000-A-\u00d6BB-91-81-1016-027-5_180412_\u00dcbersee_EC113.jpg\"><img loading=\"lazy\" decoding=\"async\" width=\"1000\" height=\"682\" src=\"https:\/\/zug-bilder.de\/wp-content\/uploads\/2018\/07\/1000-A-\u00d6BB-91-81-1016-027-5_180412_\u00dcbersee_EC113.jpg\" alt=\"\" class=\"wp-image-547\" srcset=\"https:\/\/zug-bilder.de\/wp-content\/uploads\/2018\/07\/1000-A-\u00d6BB-91-81-1016-027-5_180412_\u00dcbersee_EC113.jpg 1000w, https:\/\/zug-bilder.de\/wp-content\/uploads\/2018\/07\/1000-A-\u00d6BB-91-81-1016-027-5_180412_\u00dcbersee_EC113-300x205.jpg 300w, https:\/\/zug-bilder.de\/wp-content\/uploads\/2018\/07\/1000-A-\u00d6BB-91-81-1016-027-5_180412_\u00dcbersee_EC113-768x524.jpg 768w\" sizes=\"auto, (max-width: 1000px) 100vw, 1000px\" \/><\/a><\/figure>\n<\/div>\n\n\n\n<div class=\"wp-block-column is-layout-flow wp-block-column-is-layout-flow\">\n<p class=\"has-light-gray-background-color has-background\"><strong>A-\u00d6BB 91 81 1016 027-5<br><\/strong>12.04.2018<br><img loading=\"lazy\" decoding=\"async\" width=\"33\" height=\"20\" class=\"wp-image-5706\" style=\"width: 33px;\" src=\"https:\/\/zug-bilder.de\/wp-content\/uploads\/2023\/04\/Flagge_Deutschland.jpg\" alt=\"\"> \u00dcbersee<br><img loading=\"lazy\" decoding=\"async\" width=\"70\" height=\"18\" class=\"wp-image-6626\" style=\"width: 70px;\" src=\"https:\/\/zug-bilder.de\/wp-content\/uploads\/2024\/06\/Logo_EC.png\" alt=\"\"> <em>113 &#8222;Blauer Enzian&#8220;<\/em><br><em>Frankfurt (Main) Hbf \u2013<\/em> <em>Klagenfurt Hbf<\/em><br><br><img loading=\"lazy\" decoding=\"async\" width=\"50\" height=\"29\" class=\"wp-image-1964\" style=\"width: 50px;\" src=\"https:\/\/zug-bilder.de\/wp-content\/uploads\/2019\/08\/Kurswagen.jpg\" alt=\"\"> <em>bis Villach Hbf<br>weiter auf EC 213 \u201eMimara\u201c<br>(Frankfurt (Main) Hbf-) Villach Hbf \u2013 Zagreb Glavni kolodvor<\/em><\/p>\n<\/div>\n<\/div>\n\n\n\n<div class=\"wp-block-columns is-layout-flex wp-container-core-columns-is-layout-9d6595d7 wp-block-columns-is-layout-flex\">\n<div class=\"wp-block-column is-layout-flow wp-block-column-is-layout-flow\">\n<figure class=\"wp-block-image size-full\"><a href=\"https:\/\/zug-bilder.de\/wp-content\/uploads\/2019\/12\/1000-A-\u00d6BB-91-81-1016-031-7_140627_Gronsdorf_EC112.jpg\"><img loading=\"lazy\" decoding=\"async\" width=\"1000\" height=\"682\" src=\"https:\/\/zug-bilder.de\/wp-content\/uploads\/2019\/12\/1000-A-\u00d6BB-91-81-1016-031-7_140627_Gronsdorf_EC112.jpg\" alt=\"\" class=\"wp-image-2794\" srcset=\"https:\/\/zug-bilder.de\/wp-content\/uploads\/2019\/12\/1000-A-\u00d6BB-91-81-1016-031-7_140627_Gronsdorf_EC112.jpg 1000w, https:\/\/zug-bilder.de\/wp-content\/uploads\/2019\/12\/1000-A-\u00d6BB-91-81-1016-031-7_140627_Gronsdorf_EC112-300x205.jpg 300w, https:\/\/zug-bilder.de\/wp-content\/uploads\/2019\/12\/1000-A-\u00d6BB-91-81-1016-031-7_140627_Gronsdorf_EC112-768x524.jpg 768w\" sizes=\"auto, (max-width: 1000px) 100vw, 1000px\" \/><\/a><\/figure>\n<\/div>\n\n\n\n<div class=\"wp-block-column is-layout-flow wp-block-column-is-layout-flow\">\n<p class=\"has-light-gray-background-color has-background\"><strong>A-\u00d6BB 91 81 1016 031-7<br><\/strong>27.06.2014<br><img loading=\"lazy\" decoding=\"async\" width=\"33\" height=\"20\" class=\"wp-image-5706\" style=\"width: 33px;\" src=\"https:\/\/zug-bilder.de\/wp-content\/uploads\/2023\/04\/Flagge_Deutschland.jpg\" alt=\"\"> Gronsdorf<br><img loading=\"lazy\" decoding=\"async\" width=\"70\" height=\"18\" class=\"wp-image-6626\" style=\"width: 70px;\" src=\"https:\/\/zug-bilder.de\/wp-content\/uploads\/2024\/06\/Logo_EC.png\" alt=\"\"> 112<br>Klagenfurt Hbf &#8211; Frankfurt (Main) Hbf<br><br><img loading=\"lazy\" decoding=\"async\" width=\"50\" height=\"29\" class=\"wp-image-1964\" style=\"width: 50px;\" src=\"https:\/\/zug-bilder.de\/wp-content\/uploads\/2019\/08\/Kurswagen.jpg\" alt=\"\"> <em>ab Villach Hbf<br>von EC 212 \u201eMimara\u201c<br>Zagreb Glavni kolodvor \u2013 Villach Hbf (- Frankfurt (Main) Hbf)<\/em><\/p>\n<\/div>\n<\/div>\n\n\n\n<div class=\"wp-block-columns is-layout-flex wp-container-core-columns-is-layout-9d6595d7 wp-block-columns-is-layout-flex\">\n<div class=\"wp-block-column is-layout-flow wp-block-column-is-layout-flow\">\n<figure class=\"wp-block-image size-full\"><a href=\"https:\/\/zug-bilder.de\/wp-content\/uploads\/2024\/09\/1000-A-OeBB-91-81-1016-043-2_240529_WienHbf_D14006.jpg\"><img loading=\"lazy\" decoding=\"async\" width=\"1000\" height=\"667\" src=\"https:\/\/zug-bilder.de\/wp-content\/uploads\/2024\/09\/1000-A-OeBB-91-81-1016-043-2_240529_WienHbf_D14006.jpg\" alt=\"\" class=\"wp-image-6873\" srcset=\"https:\/\/zug-bilder.de\/wp-content\/uploads\/2024\/09\/1000-A-OeBB-91-81-1016-043-2_240529_WienHbf_D14006.jpg 1000w, https:\/\/zug-bilder.de\/wp-content\/uploads\/2024\/09\/1000-A-OeBB-91-81-1016-043-2_240529_WienHbf_D14006-300x200.jpg 300w, https:\/\/zug-bilder.de\/wp-content\/uploads\/2024\/09\/1000-A-OeBB-91-81-1016-043-2_240529_WienHbf_D14006-768x512.jpg 768w\" sizes=\"auto, (max-width: 1000px) 100vw, 1000px\" \/><\/a><\/figure>\n<\/div>\n\n\n\n<div class=\"wp-block-column is-layout-flow wp-block-column-is-layout-flow\">\n<p class=\"has-light-gray-background-color has-background\"><strong>A-\u00d6BB 91 81 1016 043-2<\/strong><br>29.05.2024<br><img loading=\"lazy\" decoding=\"async\" width=\"30\" height=\"20\" class=\"wp-image-5711\" style=\"width: 30px;\" src=\"https:\/\/zug-bilder.de\/wp-content\/uploads\/2023\/04\/Flagge_Oesterreich.jpg\" alt=\"\"> Wien Hbf<br>D 14006<br>Villach Hbf &#8211; Wien Hbf<\/p>\n<\/div>\n<\/div>\n","protected":false},"excerpt":{"rendered":"<p>A-\u00d6BB 91 81 1016 002-830.08.2022 M\u00fcnchen Heimeranplatz 113 &#8222;Blauer Enzian&#8220;Frankfurt (Main) S\u00fcd &#8211; Klagenfurt Hbf bis Villach Hbfweiter auf EC 213 \u201eMimara\u201c(Frankfurt (Main) S\u00fcd-) Villach Hbf \u2013 Zagreb Glavni kolodvor A-\u00d6BB 91 81 1016 007-706.03.2017 M\u00fcnchen Heimeranplatz 113Frankfurt (Main) Hbf &#8211; Klagenfurt Hbf bis Villach Hbfweiter auf EC 213 \u201eMimara\u201c(Frankfurt (Main) Hbf-) Villach Hbf \u2013 &hellip; <a href=\"https:\/\/zug-bilder.de\/?page_id=545\" class=\"more-link\"><span class=\"screen-reader-text\">91 81 1016<\/span> weiterlesen<\/a><\/p>\n","protected":false},"author":1,"featured_media":0,"parent":0,"menu_order":0,"comment_status":"closed","ping_status":"closed","template":"","meta":{"footnotes":""},"class_list":["post-545","page","type-page","status-publish","hentry"],"_links":{"self":[{"href":"https:\/\/zug-bilder.de\/index.php?rest_route=\/wp\/v2\/pages\/545","targetHints":{"allow":["GET"]}}],"collection":[{"href":"https:\/\/zug-bilder.de\/index.php?rest_route=\/wp\/v2\/pages"}],"about":[{"href":"https:\/\/zug-bilder.de\/index.php?rest_route=\/wp\/v2\/types\/page"}],"author":[{"embeddable":true,"href":"https:\/\/zug-bilder.de\/index.php?rest_route=\/wp\/v2\/users\/1"}],"replies":[{"embeddable":true,"href":"https:\/\/zug-bilder.de\/index.php?rest_route=%2Fwp%2Fv2%2Fcomments&post=545"}],"version-history":[{"count":36,"href":"https:\/\/zug-bilder.de\/index.php?rest_route=\/wp\/v2\/pages\/545\/revisions"}],"predecessor-version":[{"id":8090,"href":"https:\/\/zug-bilder.de\/index.php?rest_route=\/wp\/v2\/pages\/545\/revisions\/8090"}],"wp:attachment":[{"href":"https:\/\/zug-bilder.de\/index.php?rest_route=%2Fwp%2Fv2%2Fmedia&parent=545"}],"curies":[{"name":"wp","href":"https:\/\/api.w.org\/{rel}","templated":true}]}}